{"id":296,"date":"2018-02-19T14:03:02","date_gmt":"2018-02-19T14:03:02","guid":{"rendered":"http:\/\/m-interijer.hr\/site\/?page_id=296"},"modified":"2018-03-11T22:22:11","modified_gmt":"2018-03-11T22:22:11","slug":"kuhinje","status":"publish","type":"page","link":"https:\/\/m-interijer.hr\/site\/kuhinje\/","title":{"rendered":"Kuhinje"},"content":{"rendered":"<p>[et_pb_section bb_built=&#8221;1&#8243; _builder_version=&#8221;3.0.105&#8243; background_color=&#8221;#ffffff&#8221;][et_pb_row][et_pb_column type=&#8221;4_4&#8243;][et_pb_blurb admin_label=&#8221;Kuhinje text&#8221; _builder_version=&#8221;3.0.106&#8243; use_icon=&#8221;off&#8221; url_new_window=&#8221;off&#8221; title=&#8221;Kuhinje&#8221; use_circle=&#8221;off&#8221; use_circle_border=&#8221;off&#8221; icon_placement=&#8221;top&#8221; use_icon_font_size=&#8221;off&#8221; background_layout=&#8221;light&#8221; image=&#8221;http:\/\/m-interijer.hr\/site\/wp-content\/uploads\/2018\/02\/Kuhinje.jpg&#8221; content_max_width=&#8221;800px&#8221;]<\/p>\n<p>Kuhinje su\u00a0<strong>na\u0161 najva\u017eniji proizvod<\/strong>, i upravo u njihovoj proizvodnji M INTERIJER se svojom kvalitetom i funkcionalno\u0161\u0107u nametnuo najprije na podru\u010dju Pore\u0161tine, a zadnjih godina i cijeloj Istri pa i \u0161ire i u \u010demu, pored svih ostalih proizvoda,\u00a0<strong>DAJEMO NAJVI\u0160E<\/strong>&#8230;<\/p>\n<p>Na izgled na\u0161ih kuhinja, pored zahtjeva na\u0161ih kupaca, najvi\u0161e je utjecao dizajn talijanske kuhinje koji je osobito prisutan u Pore\u0161tini i Istri uop\u0107e, i za kojeg mo\u017eemo re\u0107i da se na ovim prostorima mediteranskog \u0161tiha jako dobro udoma\u0107io tako da ga mo\u017eemo smatrati na\u0161im &#8211; zaklju\u010dite da li je to ono \u0161to i Vi \u017eelite od Va\u0161e kuhinje&#8230;<\/p>\n<p>Zbog toga u svim na\u0161im proizvodima mo\u017eete prona\u0107i ne\u0161to \u0161to u doma\u0107i interijer integrira suvremene linije i boje, suvremene ideje i kreacije, kao i najnovije tehni\u010dka rje\u0161enja\u00a0<strong>u izgledu ali prije svega u funkcionalnosti moderne kuhinje, kuhinje po mjeri Va\u0161eg prostora&#8230;<\/strong><\/p>\n<p>Naravno, danas kuhinja nije samo radno mjesto, danas je kuhinja dio dnevnog boravka jer dana\u0161nji moderni stanovi i ku\u0107e kuhinju takvom je podrazumijevaju, i zato kuhinju \u017eelimo imati druga\u010diju, i koja \u0107e se svakim svojim centimetrom i izgledom funkcionalno i ugodno integrirati u na\u0161 prostor.<\/p>\n<p>Upravo su to\u00a0<b>razlozi da se osje\u0107ate udobno u svojoj kuhinje<\/b>, jer ona u Va\u0161em stanu, nije, i ne smije biti, samo zakutak gdje \u0107e te pr\u017eiti, kuhati, miksati&#8230; (robovati&#8230;) jer ona je dio Va\u0161eg okru\u017eja i neka Vam M INTERIJER pomogne u tome!<\/p>\n<p>Dobro do\u0161li u na\u0161 svijet\u00a0<strong>3000 boja<\/strong>\u00a0i dezena najsuvremenijih kuhinja.<\/p>\n<p>[\/et_pb_blurb][\/et_pb_column][\/et_pb_row][et_pb_row _builder_version=&#8221;3.0.105&#8243; use_custom_width=&#8221;on&#8221; custom_width_px=&#8221;800px&#8221;][et_pb_column type=&#8221;1_4&#8243;][et_pb_blurb _builder_version=&#8221;3.0.106&#8243; use_icon=&#8221;off&#8221; image=&#8221;http:\/\/m-interijer.hr\/site\/wp-content\/uploads\/2018\/02\/Kuhinja-Modern-126.jpg&#8221; url=&#8221;http:\/\/m-interijer.hr\/site\/kuhinje\/moderne-kuhinje\/&#8221; url_new_window=&#8221;off&#8221; title=&#8221;Moderne kuhinje&#8221; use_circle=&#8221;off&#8221; use_circle_border=&#8221;off&#8221; icon_placement=&#8221;top&#8221; use_icon_font_size=&#8221;off&#8221; background_layout=&#8221;light&#8221; animation_style=&#8221;fade&#8221; \/][\/et_pb_column][et_pb_column type=&#8221;1_4&#8243;][et_pb_blurb _builder_version=&#8221;3.0.105&#8243; use_icon=&#8221;off&#8221; image=&#8221;http:\/\/m-interijer.hr\/site\/wp-content\/uploads\/2018\/02\/Kuhinja-Medijapan-084.jpg&#8221; url=&#8221;http:\/\/m-interijer.hr\/site\/kuhinje\/medijapan-kuhinje\/&#8221; url_new_window=&#8221;off&#8221; title=&#8221;Medijapan&#8221; use_circle=&#8221;off&#8221; use_circle_border=&#8221;off&#8221; icon_placement=&#8221;top&#8221; use_icon_font_size=&#8221;off&#8221; background_layout=&#8221;light&#8221; \/][\/et_pb_column][et_pb_column type=&#8221;1_4&#8243;][et_pb_blurb _builder_version=&#8221;3.0.105&#8243; use_icon=&#8221;off&#8221; image=&#8221;http:\/\/m-interijer.hr\/site\/wp-content\/uploads\/2018\/02\/Kuhinja-masiv-28.jpg&#8221; url=&#8221;http:\/\/m-interijer.hr\/site\/kuhinje\/masiv-kuhinje\/&#8221; url_new_window=&#8221;off&#8221; title=&#8221;Masiv kuhinje&#8221; use_circle=&#8221;off&#8221; use_circle_border=&#8221;off&#8221; icon_placement=&#8221;top&#8221; use_icon_font_size=&#8221;off&#8221; background_layout=&#8221;light&#8221; \/][\/et_pb_column][et_pb_column type=&#8221;1_4&#8243;][et_pb_blurb _builder_version=&#8221;3.0.105&#8243; use_icon=&#8221;off&#8221; image=&#8221;http:\/\/m-interijer.hr\/site\/wp-content\/uploads\/2018\/02\/Kuhinja-Ostalo-19.jpg&#8221; url=&#8221;http:\/\/m-interijer.hr\/site\/kuhinje\/ostale-kuhinje\/&#8221; url_new_window=&#8221;off&#8221; title=&#8221;Ostale kuhinje&#8221; use_circle=&#8221;off&#8221; use_circle_border=&#8221;off&#8221; icon_placement=&#8221;top&#8221; use_icon_font_size=&#8221;off&#8221; background_layout=&#8221;light&#8221; \/][\/et_pb_column][\/et_pb_row][\/et_pb_section]<\/p>\n","protected":false},"excerpt":{"rendered":"<p>[et_pb_section bb_built=&#8221;1&#8243; _builder_version=&#8221;3.0.105&#8243; background_color=&#8221;#ffffff&#8221;][et_pb_row][et_pb_column type=&#8221;4_4&#8243;][et_pb_blurb admin_label=&#8221;Kuhinje text&#8221; _builder_version=&#8221;3.0.106&#8243; use_icon=&#8221;off&#8221; url_new_window=&#8221;off&#8221; title=&#8221;Kuhinje&#8221; use_circle=&#8221;off&#8221; use_circle_border=&#8221;off&#8221; icon_placement=&#8221;top&#8221; use_icon_font_size=&#8221;off&#8221; background_layout=&#8221;light&#8221; image=&#8221;http:\/\/m-interijer.hr\/site\/wp-content\/uploads\/2018\/02\/Kuhinje.jpg&#8221; content_max_width=&#8221;800px&#8221;] Kuhinje su\u00a0na\u0161 najva\u017eniji proizvod, i upravo u njihovoj proizvodnji M INTERIJER se svojom kvalitetom i funkcionalno\u0161\u0107u nametnuo najprije na podru\u010dju Pore\u0161tine, a zadnjih godina i cijeloj Istri pa i \u0161ire i u \u010demu, pored svih ostalih proizvoda,\u00a0DAJEMO [&hellip;]<\/p>\n","protected":false},"author":1,"featured_media":0,"parent":0,"menu_order":0,"comment_status":"closed","ping_status":"closed","template":"","meta":{"_et_pb_use_builder":"on","_et_pb_old_content":"","footnotes":""},"class_list":["post-296","page","type-page","status-publish","hentry"],"yoast_head":"<!-- This site is optimized with the Yoast SEO plugin v24.6 - https:\/\/yoast.com\/wordpress\/plugins\/seo\/ -->\n<title>Kuhinje - M-interijer<\/title>\n<meta name=\"description\" content=\"Kuhinje su na\u0161 najva\u017eniji proizvod, i upravo u njihovoj proizvodnji M- INTERIJER se svojom kvalitetom i funkcionalno\u0161\u0107u nametnuo najprije na podru\u010dju Pore\u010da, a zadnjih godina po cijeloj Istri i \u0161ire\" \/>\n<meta name=\"robots\" content=\"index, follow, max-snippet:-1, max-image-preview:large, max-video-preview:-1\" \/>\n<link rel=\"canonical\" href=\"https:\/\/m-interijer.hr\/site\/kuhinje\/\" \/>\n<meta property=\"og:locale\" content=\"hr_HR\" \/>\n<meta property=\"og:type\" content=\"article\" \/>\n<meta property=\"og:title\" content=\"Kuhinje - M-interijer\" \/>\n<meta property=\"og:description\" content=\"Kuhinje su na\u0161 najva\u017eniji proizvod, i upravo u njihovoj proizvodnji M- INTERIJER se svojom kvalitetom i funkcionalno\u0161\u0107u nametnuo najprije na podru\u010dju Pore\u010da, a zadnjih godina po cijeloj Istri i \u0161ire\" \/>\n<meta property=\"og:url\" content=\"https:\/\/m-interijer.hr\/site\/kuhinje\/\" \/>\n<meta property=\"og:site_name\" content=\"M-interijer\" \/>\n<meta property=\"article:modified_time\" content=\"2018-03-11T22:22:11+00:00\" \/>\n<meta name=\"twitter:card\" content=\"summary_large_image\" \/>\n<meta name=\"twitter:label1\" content=\"Est. reading time\" \/>\n\t<meta name=\"twitter:data1\" content=\"3 minutes\" \/>\n<script type=\"application\/ld+json\" class=\"yoast-schema-graph\">{\"@context\":\"https:\/\/schema.org\",\"@graph\":[{\"@type\":\"WebPage\",\"@id\":\"https:\/\/m-interijer.hr\/site\/kuhinje\/\",\"url\":\"https:\/\/m-interijer.hr\/site\/kuhinje\/\",\"name\":\"Kuhinje - M-interijer\",\"isPartOf\":{\"@id\":\"https:\/\/m-interijer.hr\/site\/#website\"},\"datePublished\":\"2018-02-19T14:03:02+00:00\",\"dateModified\":\"2018-03-11T22:22:11+00:00\",\"description\":\"Kuhinje su na\u0161 najva\u017eniji proizvod, i upravo u njihovoj proizvodnji M- INTERIJER se svojom kvalitetom i funkcionalno\u0161\u0107u nametnuo najprije na podru\u010dju Pore\u010da, a zadnjih godina po cijeloj Istri i \u0161ire\",\"breadcrumb\":{\"@id\":\"https:\/\/m-interijer.hr\/site\/kuhinje\/#breadcrumb\"},\"inLanguage\":\"hr-HR\",\"potentialAction\":[{\"@type\":\"ReadAction\",\"target\":[\"https:\/\/m-interijer.hr\/site\/kuhinje\/\"]}]},{\"@type\":\"BreadcrumbList\",\"@id\":\"https:\/\/m-interijer.hr\/site\/kuhinje\/#breadcrumb\",\"itemListElement\":[{\"@type\":\"ListItem\",\"position\":1,\"name\":\"Po\u010detna stranica\",\"item\":\"https:\/\/m-interijer.hr\/site\/\"},{\"@type\":\"ListItem\",\"position\":2,\"name\":\"Kuhinje\"}]},{\"@type\":\"WebSite\",\"@id\":\"https:\/\/m-interijer.hr\/site\/#website\",\"url\":\"https:\/\/m-interijer.hr\/site\/\",\"name\":\"M-interijer\",\"description\":\"Namje\u0161taj po mjeri\",\"publisher\":{\"@id\":\"https:\/\/m-interijer.hr\/site\/#organization\"},\"inLanguage\":\"hr-HR\"},{\"@type\":\"Organization\",\"@id\":\"https:\/\/m-interijer.hr\/site\/#organization\",\"name\":\"M interijer\",\"url\":\"https:\/\/m-interijer.hr\/site\/\",\"logo\":{\"@type\":\"ImageObject\",\"inLanguage\":\"hr-HR\",\"@id\":\"https:\/\/m-interijer.hr\/site\/#\/schema\/logo\/image\/\",\"url\":\"https:\/\/m-interijer.hr\/site\/wp-content\/uploads\/2018\/02\/logo_final.jpg\",\"contentUrl\":\"https:\/\/m-interijer.hr\/site\/wp-content\/uploads\/2018\/02\/logo_final.jpg\",\"width\":864,\"height\":262,\"caption\":\"M interijer\"},\"image\":{\"@id\":\"https:\/\/m-interijer.hr\/site\/#\/schema\/logo\/image\/\"}}]}<\/script>\n<!-- \/ Yoast SEO plugin. -->","yoast_head_json":{"title":"Kuhinje - M-interijer","description":"Kuhinje su na\u0161 najva\u017eniji proizvod, i upravo u njihovoj proizvodnji M- INTERIJER se svojom kvalitetom i funkcionalno\u0161\u0107u nametnuo najprije na podru\u010dju Pore\u010da, a zadnjih godina po cijeloj Istri i \u0161ire","robots":{"index":"index","follow":"follow","max-snippet":"max-snippet:-1","max-image-preview":"max-image-preview:large","max-video-preview":"max-video-preview:-1"},"canonical":"https:\/\/m-interijer.hr\/site\/kuhinje\/","og_locale":"hr_HR","og_type":"article","og_title":"Kuhinje - M-interijer","og_description":"Kuhinje su na\u0161 najva\u017eniji proizvod, i upravo u njihovoj proizvodnji M- INTERIJER se svojom kvalitetom i funkcionalno\u0161\u0107u nametnuo najprije na podru\u010dju Pore\u010da, a zadnjih godina po cijeloj Istri i \u0161ire","og_url":"https:\/\/m-interijer.hr\/site\/kuhinje\/","og_site_name":"M-interijer","article_modified_time":"2018-03-11T22:22:11+00:00","twitter_card":"summary_large_image","twitter_misc":{"Est. reading time":"3 minutes"},"schema":{"@context":"https:\/\/schema.org","@graph":[{"@type":"WebPage","@id":"https:\/\/m-interijer.hr\/site\/kuhinje\/","url":"https:\/\/m-interijer.hr\/site\/kuhinje\/","name":"Kuhinje - M-interijer","isPartOf":{"@id":"https:\/\/m-interijer.hr\/site\/#website"},"datePublished":"2018-02-19T14:03:02+00:00","dateModified":"2018-03-11T22:22:11+00:00","description":"Kuhinje su na\u0161 najva\u017eniji proizvod, i upravo u njihovoj proizvodnji M- INTERIJER se svojom kvalitetom i funkcionalno\u0161\u0107u nametnuo najprije na podru\u010dju Pore\u010da, a zadnjih godina po cijeloj Istri i \u0161ire","breadcrumb":{"@id":"https:\/\/m-interijer.hr\/site\/kuhinje\/#breadcrumb"},"inLanguage":"hr-HR","potentialAction":[{"@type":"ReadAction","target":["https:\/\/m-interijer.hr\/site\/kuhinje\/"]}]},{"@type":"BreadcrumbList","@id":"https:\/\/m-interijer.hr\/site\/kuhinje\/#breadcrumb","itemListElement":[{"@type":"ListItem","position":1,"name":"Po\u010detna stranica","item":"https:\/\/m-interijer.hr\/site\/"},{"@type":"ListItem","position":2,"name":"Kuhinje"}]},{"@type":"WebSite","@id":"https:\/\/m-interijer.hr\/site\/#website","url":"https:\/\/m-interijer.hr\/site\/","name":"M-interijer","description":"Namje\u0161taj po mjeri","publisher":{"@id":"https:\/\/m-interijer.hr\/site\/#organization"},"inLanguage":"hr-HR"},{"@type":"Organization","@id":"https:\/\/m-interijer.hr\/site\/#organization","name":"M interijer","url":"https:\/\/m-interijer.hr\/site\/","logo":{"@type":"ImageObject","inLanguage":"hr-HR","@id":"https:\/\/m-interijer.hr\/site\/#\/schema\/logo\/image\/","url":"https:\/\/m-interijer.hr\/site\/wp-content\/uploads\/2018\/02\/logo_final.jpg","contentUrl":"https:\/\/m-interijer.hr\/site\/wp-content\/uploads\/2018\/02\/logo_final.jpg","width":864,"height":262,"caption":"M interijer"},"image":{"@id":"https:\/\/m-interijer.hr\/site\/#\/schema\/logo\/image\/"}}]}},"_links":{"self":[{"href":"https:\/\/m-interijer.hr\/site\/wp-json\/wp\/v2\/pages\/296"}],"collection":[{"href":"https:\/\/m-interijer.hr\/site\/wp-json\/wp\/v2\/pages"}],"about":[{"href":"https:\/\/m-interijer.hr\/site\/wp-json\/wp\/v2\/types\/page"}],"author":[{"embeddable":true,"href":"https:\/\/m-interijer.hr\/site\/wp-json\/wp\/v2\/users\/1"}],"replies":[{"embeddable":true,"href":"https:\/\/m-interijer.hr\/site\/wp-json\/wp\/v2\/comments?post=296"}],"version-history":[{"count":13,"href":"https:\/\/m-interijer.hr\/site\/wp-json\/wp\/v2\/pages\/296\/revisions"}],"predecessor-version":[{"id":2212,"href":"https:\/\/m-interijer.hr\/site\/wp-json\/wp\/v2\/pages\/296\/revisions\/2212"}],"wp:attachment":[{"href":"https:\/\/m-interijer.hr\/site\/wp-json\/wp\/v2\/media?parent=296"}],"curies":[{"name":"wp","href":"https:\/\/api.w.org\/{rel}","templated":true}]}}