{"id":1864,"date":"2018-03-06T15:46:08","date_gmt":"2018-03-06T15:46:08","guid":{"rendered":"http:\/\/m-interijer.hr\/site\/?page_id=1864"},"modified":"2018-03-06T15:48:41","modified_gmt":"2018-03-06T15:48:41","slug":"ausstattung","status":"publish","type":"page","link":"https:\/\/m-interijer.hr\/site\/materialmuster\/ausstattung\/?lang=de","title":{"rendered":"Ausstattung"},"content":{"rendered":"<p>[et_pb_section bb_built=&#8220;1&#8243; background_color=&#8220;#ffffff&#8220; _builder_version=&#8220;3.0.105&#8243;][et_pb_row][et_pb_column type=&#8220;4_4&#8243;][et_pb_blurb title=&#8220;Ausstattung&#8220; background_layout=&#8220;light&#8220; _builder_version=&#8220;3.0.105&#8243; header_level=&#8220;h3&#8243; header_font=&#8220;|700|||||||&#8220; use_icon=&#8220;off&#8220; url_new_window=&#8220;off&#8220; use_circle=&#8220;off&#8220; use_circle_border=&#8220;off&#8220; icon_placement=&#8220;top&#8220; use_icon_font_size=&#8220;off&#8220; content_max_width=&#8220;800px&#8220; image=&#8220;http:\/\/m-interijer.hr\/site\/wp-content\/uploads\/2018\/03\/oprema.jpg&#8220; box_shadow_style_image=&#8220;preset2&#8243;]<\/p>\n<p>&nbsp;<\/p>\n<p>Die K\u00fcchenausstattung und die anderen M\u00f6bel im Angebot stammen von\u00a0 bekannten europ\u00e4ischen Firmen ( SCHACHERMAYER, GRASS, WURTH, HEFFELE,&#8230;). All unsere Schubladen sind mit D\u00e4mpfern in der Standardausstattung versehen ( Tandembox \/ Nova Pro Delux ), genauso wie mit Frontd\u00e4mpfern ( Blum ). Im Angebot haben wir eine gro\u00dfe Auswahl an Zusatzausstattung wie : verschiedene Drehf\u00e4cher, Abtropfgestelle, Barkonsolen, Beleuchtung, Drahtvorrichtungen, Garderobeaufz\u00fcge, Handtuchausz\u00fcge, verschiedene Hebebeschl\u00e4ge&#8230;.<\/p>\n<p>&nbsp;<\/p>\n<p>[\/et_pb_blurb][\/et_pb_column][\/et_pb_row][et_pb_row _builder_version=&#8220;3.0.105&#8243; use_custom_width=&#8220;on&#8220; custom_width_px=&#8220;800px&#8220;][et_pb_column type=&#8220;1_4&#8243;][et_pb_image _builder_version=&#8220;3.0.105&#8243; show_in_lightbox=&#8220;off&#8220; url=&#8220;https:\/\/webshop.schachermayer.com\/cat\/hr-HR&#8220; url_new_window=&#8220;on&#8220; src=&#8220;http:\/\/m-interijer.hr\/site\/wp-content\/uploads\/2018\/03\/logo-sch.png&#8220; always_center_on_mobile=&#8220;on&#8220; use_overlay=&#8220;off&#8220; force_fullwidth=&#8220;off&#8220; show_bottom_space=&#8220;on&#8220; \/][\/et_pb_column][et_pb_column type=&#8220;1_4&#8243;][et_pb_image _builder_version=&#8220;3.0.105&#8243; show_in_lightbox=&#8220;off&#8220; url=&#8220;https:\/\/www.blum.com\/hr\/hr\/&#8220; url_new_window=&#8220;on&#8220; src=&#8220;http:\/\/m-interijer.hr\/site\/wp-content\/uploads\/2018\/03\/logo-blum.png&#8220; always_center_on_mobile=&#8220;on&#8220; use_overlay=&#8220;off&#8220; force_fullwidth=&#8220;off&#8220; show_bottom_space=&#8220;on&#8220; \/][\/et_pb_column][et_pb_column type=&#8220;1_4&#8243;][et_pb_image _builder_version=&#8220;3.0.105&#8243; show_in_lightbox=&#8220;off&#8220; url=&#8220;http:\/\/www.sigma-plus.hr\/index.php&#8220; url_new_window=&#8220;on&#8220; src=&#8220;http:\/\/m-interijer.hr\/site\/wp-content\/uploads\/2018\/03\/logo-sigmaplus.png&#8220; always_center_on_mobile=&#8220;on&#8220; use_overlay=&#8220;off&#8220; force_fullwidth=&#8220;off&#8220; show_bottom_space=&#8220;on&#8220; \/][\/et_pb_column][et_pb_column type=&#8220;1_4&#8243;][et_pb_image _builder_version=&#8220;3.0.105&#8243; show_in_lightbox=&#8220;off&#8220; url=&#8220;https:\/\/www.haefele.de\/en\/&#8220; url_new_window=&#8220;on&#8220; src=&#8220;http:\/\/m-interijer.hr\/site\/wp-content\/uploads\/2018\/03\/logo-hafele.png&#8220; always_center_on_mobile=&#8220;on&#8220; use_overlay=&#8220;off&#8220; force_fullwidth=&#8220;off&#8220; show_bottom_space=&#8220;on&#8220; \/][\/et_pb_column][\/et_pb_row][et_pb_row][et_pb_column type=&#8220;4_4&#8243;][et_pb_blurb _builder_version=&#8220;3.0.105&#8243; use_icon=&#8220;off&#8220; url_new_window=&#8220;off&#8220; use_circle=&#8220;off&#8220; use_circle_border=&#8220;off&#8220; icon_placement=&#8220;top&#8220; use_icon_font_size=&#8220;off&#8220; background_layout=&#8220;light&#8220; content_max_width=&#8220;800px&#8220;]<\/p>\n<p>Seit\u00a0 2008 haben wir im Angebot Verkauf und Einbau von elektrischen Einbauapparaten \u00a0bekannter Marken, die auf dem kroatischen Markt zu finden sind: GORENJE, SIEMENS, WHIRPOOL, TEKA, MIELE, FABER, LIEBHERR, FRANKE&#8230;<\/p>\n<p>&nbsp;<\/p>\n<p style=\"text-align: center;\"><a href=\"http:\/\/www.bosch-home.com\/hr\/\" target=\"_blank\" rel=\"noopener\"><img decoding=\"async\" src=\"http:\/\/www.m-interijer.hr\/images\/logo\/bosch.gif\" alt=\"Image\" height=\"25\" \/><\/a>\u00a0<a href=\"http:\/\/www.gorenje.hr\/\" target=\"_blank\" rel=\"noopener\"><img decoding=\"async\" src=\"http:\/\/www.m-interijer.hr\/images\/logo\/gorenje.gif\" alt=\"Image\" height=\"25\" \/><\/a>\u00a0\u00a0\u00a0<a href=\"https:\/\/www.miele.hr\/\" target=\"_blank\" rel=\"noopener\"><img decoding=\"async\" src=\"http:\/\/www.m-interijer.hr\/images\/logo\/miele.gif\" alt=\"Image\" height=\"25\" \/><\/a>\u00a0 \u00a0\u00a0<a href=\"https:\/\/www.electrolux.hr\/\" target=\"_blank\" rel=\"noopener\"><img decoding=\"async\" src=\"http:\/\/www.m-interijer.hr\/images\/logo\/electrolux.gif\" alt=\"Image\" height=\"25\" \/><\/a>\u00a0 \u00a0<a href=\"http:\/\/www.whirlpool.hr\/\" target=\"_blank\" rel=\"noopener\"><img decoding=\"async\" src=\"http:\/\/www.m-interijer.hr\/images\/logo\/whirlpool.gif\" alt=\"Image\" height=\"25\" \/><\/a>\u00a0\u00a0\u00a0\u00a0<a href=\"https:\/\/webshop.schachermayer.com\/cat\/hr-HR\/products\/kuhinjski-uredjaji\/10000_1858_1?query=teka&amp;max=100\" target=\"_blank\" rel=\"noopener\"><img decoding=\"async\" src=\"http:\/\/www.m-interijer.hr\/images\/logo\/teka.gif\" alt=\"Image\" height=\"25\" \/><\/a><\/p>\n<p style=\"text-align: center;\"><img decoding=\"async\" src=\"http:\/\/www.m-interijer.hr\/images\/logo\/zanussi.gif\" alt=\"Image\" height=\"25\" \/>\u00a0 \u00a0 <a href=\"http:\/\/www.gemma.hr\/\" target=\"_blank\" rel=\"noopener\"><img decoding=\"async\" src=\"http:\/\/www.m-interijer.hr\/images\/logo\/liebherr.gif\" alt=\"Image\" height=\"25\" \/>\u00a0\u00a0<\/a>\u00a0\u00a0<img decoding=\"async\" src=\"http:\/\/www.m-interijer.hr\/images\/logo\/siemens.gif\" alt=\"Image\" height=\"25\" \/>\u00a0\u00a0\u00a0<a href=\"http:\/\/www.gemma.hr\/\" target=\"_blank\" rel=\"noopener\"><img decoding=\"async\" src=\"http:\/\/www.m-interijer.hr\/images\/logo\/franke.gif\" alt=\"Image\" height=\"25\" \/>\u00a0\u00a0\u00a0<\/a>\u00a0\u00a0<a href=\"http:\/\/www.gemma.hr\/\" target=\"_blank\" rel=\"noopener\"><img decoding=\"async\" src=\"http:\/\/www.m-interijer.hr\/images\/logo\/faber.gif\" alt=\"Image\" height=\"25\" \/><\/a><\/p>\n<p>&nbsp;<\/p>\n<p>[\/et_pb_blurb][\/et_pb_column][\/et_pb_row][\/et_pb_section]<\/p>\n","protected":false},"excerpt":{"rendered":"<p>[et_pb_section bb_built=&#8220;1&#8243; background_color=&#8220;#ffffff&#8220; _builder_version=&#8220;3.0.105&#8243;][et_pb_row][et_pb_column type=&#8220;4_4&#8243;][et_pb_blurb title=&#8220;Ausstattung&#8220; background_layout=&#8220;light&#8220; _builder_version=&#8220;3.0.105&#8243; header_level=&#8220;h3&#8243; header_font=&#8220;|700|||||||&#8220; use_icon=&#8220;off&#8220; url_new_window=&#8220;off&#8220; use_circle=&#8220;off&#8220; use_circle_border=&#8220;off&#8220; icon_placement=&#8220;top&#8220; use_icon_font_size=&#8220;off&#8220; content_max_width=&#8220;800px&#8220; image=&#8220;http:\/\/m-interijer.hr\/site\/wp-content\/uploads\/2018\/03\/oprema.jpg&#8220; box_shadow_style_image=&#8220;preset2&#8243;] &nbsp; Die K\u00fcchenausstattung und die anderen M\u00f6bel im Angebot stammen von\u00a0 bekannten europ\u00e4ischen Firmen ( SCHACHERMAYER, GRASS, WURTH, HEFFELE,&#8230;). All unsere Schubladen sind mit D\u00e4mpfern in der Standardausstattung versehen ( Tandembox \/ Nova Pro Delux ), [&hellip;]<\/p>\n","protected":false},"author":1,"featured_media":0,"parent":1816,"menu_order":0,"comment_status":"closed","ping_status":"closed","template":"","meta":{"_et_pb_use_builder":"on","_et_pb_old_content":"","footnotes":""},"class_list":["post-1864","page","type-page","status-publish","hentry"],"yoast_head":"<!-- This site is optimized with the Yoast SEO plugin v24.6 - https:\/\/yoast.com\/wordpress\/plugins\/seo\/ -->\n<title>Ausstattung - M-interijer<\/title>\n<meta name=\"robots\" content=\"index, follow, max-snippet:-1, max-image-preview:large, max-video-preview:-1\" \/>\n<link rel=\"canonical\" href=\"https:\/\/m-interijer.hr\/site\/materialmuster\/ausstattung\/?lang=de\" \/>\n<meta property=\"og:locale\" content=\"de_DE\" \/>\n<meta property=\"og:type\" content=\"article\" \/>\n<meta property=\"og:title\" content=\"Ausstattung - M-interijer\" \/>\n<meta property=\"og:description\" content=\"[et_pb_section bb_built=&#8220;1&#8243; background_color=&#8220;#ffffff&#8220; _builder_version=&#8220;3.0.105&#8243;][et_pb_row][et_pb_column type=&#8220;4_4&#8243;][et_pb_blurb title=&#8220;Ausstattung&#8220; background_layout=&#8220;light&#8220; _builder_version=&#8220;3.0.105&#8243; header_level=&#8220;h3&#8243; header_font=&#8220;|700|||||||&#8220; use_icon=&#8220;off&#8220; url_new_window=&#8220;off&#8220; use_circle=&#8220;off&#8220; use_circle_border=&#8220;off&#8220; icon_placement=&#8220;top&#8220; use_icon_font_size=&#8220;off&#8220; content_max_width=&#8220;800px&#8220; image=&#8220;http:\/\/m-interijer.hr\/site\/wp-content\/uploads\/2018\/03\/oprema.jpg&#8220; box_shadow_style_image=&#8220;preset2&#8243;] &nbsp; Die K\u00fcchenausstattung und die anderen M\u00f6bel im Angebot stammen von\u00a0 bekannten europ\u00e4ischen Firmen ( SCHACHERMAYER, GRASS, WURTH, HEFFELE,&#8230;). All unsere Schubladen sind mit D\u00e4mpfern in der Standardausstattung versehen ( Tandembox \/ Nova Pro Delux ), [&hellip;]\" \/>\n<meta property=\"og:url\" content=\"https:\/\/m-interijer.hr\/site\/materialmuster\/ausstattung\/?lang=de\" \/>\n<meta property=\"og:site_name\" content=\"M-interijer\" \/>\n<meta property=\"article:modified_time\" content=\"2018-03-06T15:48:41+00:00\" \/>\n<meta property=\"og:image\" content=\"http:\/\/www.m-interijer.hr\/images\/logo\/bosch.gif\" \/>\n<meta name=\"twitter:card\" content=\"summary_large_image\" \/>\n<meta name=\"twitter:label1\" content=\"Gesch\u00e4tzte Lesezeit\" \/>\n\t<meta name=\"twitter:data1\" content=\"2\u00a0Minuten\" \/>\n<script type=\"application\/ld+json\" class=\"yoast-schema-graph\">{\"@context\":\"https:\/\/schema.org\",\"@graph\":[{\"@type\":\"WebPage\",\"@id\":\"https:\/\/m-interijer.hr\/site\/materialmuster\/ausstattung\/?lang=de\",\"url\":\"https:\/\/m-interijer.hr\/site\/materialmuster\/ausstattung\/?lang=de\",\"name\":\"Ausstattung - M-interijer\",\"isPartOf\":{\"@id\":\"https:\/\/m-interijer.hr\/site\/#website\"},\"primaryImageOfPage\":{\"@id\":\"https:\/\/m-interijer.hr\/site\/materialmuster\/ausstattung\/?lang=de#primaryimage\"},\"image\":{\"@id\":\"https:\/\/m-interijer.hr\/site\/materialmuster\/ausstattung\/?lang=de#primaryimage\"},\"thumbnailUrl\":\"http:\/\/www.m-interijer.hr\/images\/logo\/bosch.gif\",\"datePublished\":\"2018-03-06T15:46:08+00:00\",\"dateModified\":\"2018-03-06T15:48:41+00:00\",\"breadcrumb\":{\"@id\":\"https:\/\/m-interijer.hr\/site\/materialmuster\/ausstattung\/?lang=de#breadcrumb\"},\"inLanguage\":\"de\",\"potentialAction\":[{\"@type\":\"ReadAction\",\"target\":[\"https:\/\/m-interijer.hr\/site\/materialmuster\/ausstattung\/?lang=de\"]}]},{\"@type\":\"ImageObject\",\"inLanguage\":\"de\",\"@id\":\"https:\/\/m-interijer.hr\/site\/materialmuster\/ausstattung\/?lang=de#primaryimage\",\"url\":\"http:\/\/www.m-interijer.hr\/images\/logo\/bosch.gif\",\"contentUrl\":\"http:\/\/www.m-interijer.hr\/images\/logo\/bosch.gif\"},{\"@type\":\"BreadcrumbList\",\"@id\":\"https:\/\/m-interijer.hr\/site\/materialmuster\/ausstattung\/?lang=de#breadcrumb\",\"itemListElement\":[{\"@type\":\"ListItem\",\"position\":1,\"name\":\"Po\u010detna stranica\",\"item\":\"https:\/\/m-interijer.hr\/site\/?lang=de\"},{\"@type\":\"ListItem\",\"position\":2,\"name\":\"Materialmuster\",\"item\":\"https:\/\/m-interijer.hr\/site\/materialmuster\/?lang=de\"},{\"@type\":\"ListItem\",\"position\":3,\"name\":\"Ausstattung\"}]},{\"@type\":\"WebSite\",\"@id\":\"https:\/\/m-interijer.hr\/site\/#website\",\"url\":\"https:\/\/m-interijer.hr\/site\/\",\"name\":\"M-interijer\",\"description\":\"Namje\u0161taj po mjeri\",\"publisher\":{\"@id\":\"https:\/\/m-interijer.hr\/site\/#organization\"},\"inLanguage\":\"de\"},{\"@type\":\"Organization\",\"@id\":\"https:\/\/m-interijer.hr\/site\/#organization\",\"name\":\"M interijer\",\"url\":\"https:\/\/m-interijer.hr\/site\/\",\"logo\":{\"@type\":\"ImageObject\",\"inLanguage\":\"de\",\"@id\":\"https:\/\/m-interijer.hr\/site\/#\/schema\/logo\/image\/\",\"url\":\"https:\/\/m-interijer.hr\/site\/wp-content\/uploads\/2018\/02\/logo_final.jpg\",\"contentUrl\":\"https:\/\/m-interijer.hr\/site\/wp-content\/uploads\/2018\/02\/logo_final.jpg\",\"width\":864,\"height\":262,\"caption\":\"M interijer\"},\"image\":{\"@id\":\"https:\/\/m-interijer.hr\/site\/#\/schema\/logo\/image\/\"}}]}<\/script>\n<!-- \/ Yoast SEO plugin. -->","yoast_head_json":{"title":"Ausstattung - M-interijer","robots":{"index":"index","follow":"follow","max-snippet":"max-snippet:-1","max-image-preview":"max-image-preview:large","max-video-preview":"max-video-preview:-1"},"canonical":"https:\/\/m-interijer.hr\/site\/materialmuster\/ausstattung\/?lang=de","og_locale":"de_DE","og_type":"article","og_title":"Ausstattung - M-interijer","og_description":"[et_pb_section bb_built=&#8220;1&#8243; background_color=&#8220;#ffffff&#8220; _builder_version=&#8220;3.0.105&#8243;][et_pb_row][et_pb_column type=&#8220;4_4&#8243;][et_pb_blurb title=&#8220;Ausstattung&#8220; background_layout=&#8220;light&#8220; _builder_version=&#8220;3.0.105&#8243; header_level=&#8220;h3&#8243; header_font=&#8220;|700|||||||&#8220; use_icon=&#8220;off&#8220; url_new_window=&#8220;off&#8220; use_circle=&#8220;off&#8220; use_circle_border=&#8220;off&#8220; icon_placement=&#8220;top&#8220; use_icon_font_size=&#8220;off&#8220; content_max_width=&#8220;800px&#8220; image=&#8220;http:\/\/m-interijer.hr\/site\/wp-content\/uploads\/2018\/03\/oprema.jpg&#8220; box_shadow_style_image=&#8220;preset2&#8243;] &nbsp; Die K\u00fcchenausstattung und die anderen M\u00f6bel im Angebot stammen von\u00a0 bekannten europ\u00e4ischen Firmen ( SCHACHERMAYER, GRASS, WURTH, HEFFELE,&#8230;). All unsere Schubladen sind mit D\u00e4mpfern in der Standardausstattung versehen ( Tandembox \/ Nova Pro Delux ), [&hellip;]","og_url":"https:\/\/m-interijer.hr\/site\/materialmuster\/ausstattung\/?lang=de","og_site_name":"M-interijer","article_modified_time":"2018-03-06T15:48:41+00:00","og_image":[{"url":"http:\/\/www.m-interijer.hr\/images\/logo\/bosch.gif","type":"","width":"","height":""}],"twitter_card":"summary_large_image","twitter_misc":{"Gesch\u00e4tzte Lesezeit":"2\u00a0Minuten"},"schema":{"@context":"https:\/\/schema.org","@graph":[{"@type":"WebPage","@id":"https:\/\/m-interijer.hr\/site\/materialmuster\/ausstattung\/?lang=de","url":"https:\/\/m-interijer.hr\/site\/materialmuster\/ausstattung\/?lang=de","name":"Ausstattung - M-interijer","isPartOf":{"@id":"https:\/\/m-interijer.hr\/site\/#website"},"primaryImageOfPage":{"@id":"https:\/\/m-interijer.hr\/site\/materialmuster\/ausstattung\/?lang=de#primaryimage"},"image":{"@id":"https:\/\/m-interijer.hr\/site\/materialmuster\/ausstattung\/?lang=de#primaryimage"},"thumbnailUrl":"http:\/\/www.m-interijer.hr\/images\/logo\/bosch.gif","datePublished":"2018-03-06T15:46:08+00:00","dateModified":"2018-03-06T15:48:41+00:00","breadcrumb":{"@id":"https:\/\/m-interijer.hr\/site\/materialmuster\/ausstattung\/?lang=de#breadcrumb"},"inLanguage":"de","potentialAction":[{"@type":"ReadAction","target":["https:\/\/m-interijer.hr\/site\/materialmuster\/ausstattung\/?lang=de"]}]},{"@type":"ImageObject","inLanguage":"de","@id":"https:\/\/m-interijer.hr\/site\/materialmuster\/ausstattung\/?lang=de#primaryimage","url":"http:\/\/www.m-interijer.hr\/images\/logo\/bosch.gif","contentUrl":"http:\/\/www.m-interijer.hr\/images\/logo\/bosch.gif"},{"@type":"BreadcrumbList","@id":"https:\/\/m-interijer.hr\/site\/materialmuster\/ausstattung\/?lang=de#breadcrumb","itemListElement":[{"@type":"ListItem","position":1,"name":"Po\u010detna stranica","item":"https:\/\/m-interijer.hr\/site\/?lang=de"},{"@type":"ListItem","position":2,"name":"Materialmuster","item":"https:\/\/m-interijer.hr\/site\/materialmuster\/?lang=de"},{"@type":"ListItem","position":3,"name":"Ausstattung"}]},{"@type":"WebSite","@id":"https:\/\/m-interijer.hr\/site\/#website","url":"https:\/\/m-interijer.hr\/site\/","name":"M-interijer","description":"Namje\u0161taj po mjeri","publisher":{"@id":"https:\/\/m-interijer.hr\/site\/#organization"},"inLanguage":"de"},{"@type":"Organization","@id":"https:\/\/m-interijer.hr\/site\/#organization","name":"M interijer","url":"https:\/\/m-interijer.hr\/site\/","logo":{"@type":"ImageObject","inLanguage":"de","@id":"https:\/\/m-interijer.hr\/site\/#\/schema\/logo\/image\/","url":"https:\/\/m-interijer.hr\/site\/wp-content\/uploads\/2018\/02\/logo_final.jpg","contentUrl":"https:\/\/m-interijer.hr\/site\/wp-content\/uploads\/2018\/02\/logo_final.jpg","width":864,"height":262,"caption":"M interijer"},"image":{"@id":"https:\/\/m-interijer.hr\/site\/#\/schema\/logo\/image\/"}}]}},"_links":{"self":[{"href":"https:\/\/m-interijer.hr\/site\/wp-json\/wp\/v2\/pages\/1864\/?lang=de"}],"collection":[{"href":"https:\/\/m-interijer.hr\/site\/wp-json\/wp\/v2\/pages\/?lang=de"}],"about":[{"href":"https:\/\/m-interijer.hr\/site\/wp-json\/wp\/v2\/types\/page\/?lang=de"}],"author":[{"embeddable":true,"href":"https:\/\/m-interijer.hr\/site\/wp-json\/wp\/v2\/users\/1\/?lang=de"}],"replies":[{"embeddable":true,"href":"https:\/\/m-interijer.hr\/site\/wp-json\/wp\/v2\/comments\/?lang=de&post=1864"}],"version-history":[{"count":4,"href":"https:\/\/m-interijer.hr\/site\/wp-json\/wp\/v2\/pages\/1864\/revisions\/?lang=de"}],"predecessor-version":[{"id":1866,"href":"https:\/\/m-interijer.hr\/site\/wp-json\/wp\/v2\/pages\/1864\/revisions\/1866\/?lang=de"}],"up":[{"embeddable":true,"href":"https:\/\/m-interijer.hr\/site\/wp-json\/wp\/v2\/pages\/1816\/?lang=de"}],"wp:attachment":[{"href":"https:\/\/m-interijer.hr\/site\/wp-json\/wp\/v2\/media\/?lang=de&parent=1864"}],"curies":[{"name":"wp","href":"https:\/\/api.w.org\/{rel}","templated":true}]}}