{"id":1824,"date":"2018-02-28T10:55:07","date_gmt":"2018-02-28T10:55:07","guid":{"rendered":"http:\/\/m-interijer.hr\/site\/?page_id=1824"},"modified":"2018-03-06T21:13:27","modified_gmt":"2018-03-06T21:13:27","slug":"ante","status":"publish","type":"page","link":"https:\/\/m-interijer.hr\/site\/campioni\/ante\/?lang=it","title":{"rendered":"Ante"},"content":{"rendered":"<p>[et_pb_section bb_built=&#8221;1&#8243; background_color=&#8221;#ffffff&#8221; _builder_version=&#8221;3.0.105&#8243;][et_pb_row _builder_version=&#8221;3.0.47&#8243; background_size=&#8221;initial&#8221; background_position=&#8221;top_left&#8221; background_repeat=&#8221;repeat&#8221;][et_pb_column type=&#8221;4_4&#8243;][et_pb_blurb title=&#8221;Ante&#8221; background_layout=&#8221;light&#8221; _builder_version=&#8221;3.0.105&#8243; header_level=&#8221;h3&#8243; header_font=&#8221;|700|||||||&#8221; use_icon=&#8221;off&#8221; url_new_window=&#8221;off&#8221; use_circle=&#8221;off&#8221; use_circle_border=&#8221;off&#8221; icon_placement=&#8221;top&#8221; use_icon_font_size=&#8221;off&#8221; content_max_width=&#8221;800px&#8221;]<\/p>\n<p>TUTTE LE ANTE VISIBILI SUL WEB PRODUCIAMO E CREIAMO DA SOLI!<\/p>\n<p>I nostri clienti possono scegliere tra una vasta gamma di colori, motivi e testure diverse nella produzione delle ante da cucina. Le ante vengono prodotti su indicazioni del cliente. Anche le strutture per basi vengono prodotte su misura, con diverse larghezze, altezze e profondit\u00e0. A seconda del materiale utilizzato, le ante vengono divise secondo i seguenti criteri:<\/p>\n<p>TRUCIOLARE NOBILITATO(3 gruppi)<\/p>\n<p>Le ante in truciolare nobilitato possono avere bordi di finitura ABS di 0,5 e 2 mm oppure laccate in finitura poliuretanica. Potete scegliere tra una novantina di ante in truciolare con bordi ABS con motivi e testure diverse delle rinomate ditte austriache Kaindl e Egger.<\/p>\n<p>MDF (ante di pannelli di fibra a media densit\u00e0)<\/p>\n<p>Le ante in MDF sono raggruppate a seconda della struttura o dalla laccatura. Questo materiale \u00e8 la scelta pi\u00f9 frequente nella produzione di cucine moderne. Vi offriamo una gamma cromatica di 2500 colori in due tipi di laccature oppure potete portare voi un colore che desiderate, noi ne faremo una scansione e creeremo quello specifico colore per la vostra cucina. A seconda della struttura e della forma, potete scegliere tra 12 tipi di ante diverse e siamo sicuri che riuscirete trovare la combinazione giusta per la vostra cucina.<\/p>\n<p>Una novit\u00e0 sono le ante in MDF con una finitura che assomiglia al legno perch\u00e8 ha le venature oppure le ante con laccatura lucida in 2500 colori.<\/p>\n<p>LEGNO MASSELLO (5 gruppi)<\/p>\n<p>Materiale indispensabile nella produzione di cucine classiche. M INTERIJERI preferisce l&#8217;uso di legni duri nella produzione di cucine come la quercia, il faggio, il frassino, il legno di noce. Le ante in legno differiscono a seconda del telaio. La verniciatura,la patinatura e la laccatura vengono fatte su desiderio del cliente. Vi offriamo inoltre le nostre ante verniciate con prodotti dell&#8217;azienda SAYERLACK. I colori per le ante in legno massello vengono prodotti su Vostra indicazione.<\/p>\n<p>TRUCIOLARE IMPIALLACCIATO (5 gruppi)<\/p>\n<p>Nella nostra offerta potrete trovare ante in truciolare impiallacciato quercia, faggio, ciliegio, frassino con colorazione e laccatura a scelta. Le ante vengono bordate in legno massello (bordi e superficie), con o senza effetto poro aperto con diversi strati di laccatura.<\/p>\n<p>ANTE IMPIALLACIATE<\/p>\n<p>Le ante impiallacciate possono essere rivestite in legno di quercia, faggio, cilegio, frassino con colorazione e laccatura a scelta. Le ante vengono bordate in legno massello (bordi e superficie).<\/p>\n<p>A seconda della tipologia di ante varia il prezzo e per 1 metro quadro di cucina riceverete subito 25 prezzi diversi (prezzi a seconda del materiale usato per la produzione di ante). Vogliamo precisare che le ante esposte sono per il nostro uso personale, non \u00e8 prevista la produzione delle stesse. Nel nostro salone espositivo potrete trovare una sessantina di ante in MDF, legno massello e truciolare impiallacciato e una novantina di ante in truciolare nobilitato.<\/p>\n<p>[\/et_pb_blurb][et_pb_gallery admin_label=&#8221;Gallery Fronts&#8221; _builder_version=&#8221;3.0.105&#8243; show_title_and_caption=&#8221;off&#8221; show_pagination=&#8221;on&#8221; posts_number=&#8221;28&#8243; gallery_ids=&#8221;2038,2037,2018,2013,2036,2035,2034,2033,2032,2031,2030,2029,2028,2027,2026,2025,2024,2023,2022,2021,2020,2019,2017,2016,2015,2014,2012,2011,2010,2009,2008,2007,2006,2005,2004,2003,2002,2001,2000,1999,1998,1997,1996,1995,1994,1993,1992,1991,1990,1989,1988,1987,1986,1985,1984,1983,1982,1981,1980,1979,1978,1977,1976,1975,1974,1973,1972,1971,1970,1969,1968,1967,1966,1965,1964,1963,1962,1961,1960,1959,1958,1957,1956,1955,1954,1953,1952,1951,1950,1949,1948,1947,1946,1945,1944,1943,1942,1941,1940,1939,1938,1937,1936,1935,1934,1933,1932,1931,1930,1929,1928,1927,1926,1925,1924,1923,1922,1921,1920,1919,1918,1917,1916,1915,1914,1913,1912,1911,1910,1909,1908,1907,1906,1905,1904,1903,1902,1901,1900,1899,1898,1897,1896,1895,1894,1893,1892,1891,1890,1889,1888,1887,1886,1885,1884,1883,1882,1881,1880,1879,1878,1877,1876,1875,1874,1873&#8243; zoom_icon_color=&#8221;#e02b20&#8243; hover_overlay_color=&#8221;rgba(255,255,255,0.9)&#8221; fullwidth=&#8221;off&#8221; orientation=&#8221;landscape&#8221; box_shadow_style_image=&#8221;preset2&#8243; background_layout=&#8221;light&#8221; pagination_font_size_tablet=&#8221;51&#8243; pagination_line_height_tablet=&#8221;2&#8243; saved_tabs=&#8221;all&#8221; global_module=&#8221;2040&#8243; \/][\/et_pb_column][\/et_pb_row][\/et_pb_section]<\/p>\n","protected":false},"excerpt":{"rendered":"<p>[et_pb_section bb_built=&#8221;1&#8243; background_color=&#8221;#ffffff&#8221; _builder_version=&#8221;3.0.105&#8243;][et_pb_row _builder_version=&#8221;3.0.47&#8243; background_size=&#8221;initial&#8221; background_position=&#8221;top_left&#8221; background_repeat=&#8221;repeat&#8221;][et_pb_column type=&#8221;4_4&#8243;][et_pb_blurb title=&#8221;Ante&#8221; background_layout=&#8221;light&#8221; _builder_version=&#8221;3.0.105&#8243; header_level=&#8221;h3&#8243; header_font=&#8221;|700|||||||&#8221; use_icon=&#8221;off&#8221; url_new_window=&#8221;off&#8221; use_circle=&#8221;off&#8221; use_circle_border=&#8221;off&#8221; icon_placement=&#8221;top&#8221; use_icon_font_size=&#8221;off&#8221; content_max_width=&#8221;800px&#8221;] TUTTE LE ANTE VISIBILI SUL WEB PRODUCIAMO E CREIAMO DA SOLI! I nostri clienti possono scegliere tra una vasta gamma di colori, motivi e testure diverse nella produzione delle ante da cucina. Le ante [&hellip;]<\/p>\n","protected":false},"author":1,"featured_media":0,"parent":1818,"menu_order":0,"comment_status":"closed","ping_status":"closed","template":"","meta":{"_et_pb_use_builder":"on","_et_pb_old_content":"","footnotes":""},"class_list":["post-1824","page","type-page","status-publish","hentry"],"yoast_head":"<!-- This site is optimized with the Yoast SEO plugin v24.6 - https:\/\/yoast.com\/wordpress\/plugins\/seo\/ -->\n<title>Ante - M-interijer<\/title>\n<meta name=\"description\" content=\"Materijali - Fronte SVE FRONTE KOJE VIDITE NA WEBU IZRA\u0110UJEMO I DIZAJNIRAMO SAMI ! Kupac ima jako veliki izbor boja i dezena fronti koje mo\u017eemo prilagoditi po sva\u010dijem ukusu tj. neku frontu mo\u017eemo uzraditi po kup\u010devoj \u017eelji.\" \/>\n<meta name=\"robots\" content=\"index, follow, max-snippet:-1, max-image-preview:large, max-video-preview:-1\" \/>\n<link rel=\"canonical\" href=\"https:\/\/m-interijer.hr\/site\/campioni\/ante\/?lang=it\" \/>\n<meta property=\"og:locale\" content=\"it_IT\" \/>\n<meta property=\"og:type\" content=\"article\" \/>\n<meta property=\"og:title\" content=\"Ante - M-interijer\" \/>\n<meta property=\"og:description\" content=\"Materijali - Fronte SVE FRONTE KOJE VIDITE NA WEBU IZRA\u0110UJEMO I DIZAJNIRAMO SAMI ! Kupac ima jako veliki izbor boja i dezena fronti koje mo\u017eemo prilagoditi po sva\u010dijem ukusu tj. neku frontu mo\u017eemo uzraditi po kup\u010devoj \u017eelji.\" \/>\n<meta property=\"og:url\" content=\"https:\/\/m-interijer.hr\/site\/campioni\/ante\/?lang=it\" \/>\n<meta property=\"og:site_name\" content=\"M-interijer\" \/>\n<meta property=\"article:modified_time\" content=\"2018-03-06T21:13:27+00:00\" \/>\n<meta name=\"twitter:card\" content=\"summary_large_image\" \/>\n<meta name=\"twitter:label1\" content=\"Tempo di lettura stimato\" \/>\n\t<meta name=\"twitter:data1\" content=\"3 minuti\" \/>\n<script type=\"application\/ld+json\" class=\"yoast-schema-graph\">{\"@context\":\"https:\/\/schema.org\",\"@graph\":[{\"@type\":\"WebPage\",\"@id\":\"https:\/\/m-interijer.hr\/site\/campioni\/ante\/?lang=it\",\"url\":\"https:\/\/m-interijer.hr\/site\/campioni\/ante\/?lang=it\",\"name\":\"Ante - M-interijer\",\"isPartOf\":{\"@id\":\"https:\/\/m-interijer.hr\/site\/#website\"},\"datePublished\":\"2018-02-28T10:55:07+00:00\",\"dateModified\":\"2018-03-06T21:13:27+00:00\",\"description\":\"Materijali - Fronte SVE FRONTE KOJE VIDITE NA WEBU IZRA\u0110UJEMO I DIZAJNIRAMO SAMI ! Kupac ima jako veliki izbor boja i dezena fronti koje mo\u017eemo prilagoditi po sva\u010dijem ukusu tj. neku frontu mo\u017eemo uzraditi po kup\u010devoj \u017eelji.\",\"breadcrumb\":{\"@id\":\"https:\/\/m-interijer.hr\/site\/campioni\/ante\/?lang=it#breadcrumb\"},\"inLanguage\":\"it-IT\",\"potentialAction\":[{\"@type\":\"ReadAction\",\"target\":[\"https:\/\/m-interijer.hr\/site\/campioni\/ante\/?lang=it\"]}]},{\"@type\":\"BreadcrumbList\",\"@id\":\"https:\/\/m-interijer.hr\/site\/campioni\/ante\/?lang=it#breadcrumb\",\"itemListElement\":[{\"@type\":\"ListItem\",\"position\":1,\"name\":\"Po\u010detna stranica\",\"item\":\"https:\/\/m-interijer.hr\/site\/?lang=it\"},{\"@type\":\"ListItem\",\"position\":2,\"name\":\"Campioni\",\"item\":\"https:\/\/m-interijer.hr\/site\/campioni\/?lang=it\"},{\"@type\":\"ListItem\",\"position\":3,\"name\":\"Ante\"}]},{\"@type\":\"WebSite\",\"@id\":\"https:\/\/m-interijer.hr\/site\/#website\",\"url\":\"https:\/\/m-interijer.hr\/site\/\",\"name\":\"M-interijer\",\"description\":\"Namje\u0161taj po mjeri\",\"publisher\":{\"@id\":\"https:\/\/m-interijer.hr\/site\/#organization\"},\"inLanguage\":\"it-IT\"},{\"@type\":\"Organization\",\"@id\":\"https:\/\/m-interijer.hr\/site\/#organization\",\"name\":\"M interijer\",\"url\":\"https:\/\/m-interijer.hr\/site\/\",\"logo\":{\"@type\":\"ImageObject\",\"inLanguage\":\"it-IT\",\"@id\":\"https:\/\/m-interijer.hr\/site\/#\/schema\/logo\/image\/\",\"url\":\"https:\/\/m-interijer.hr\/site\/wp-content\/uploads\/2018\/02\/logo_final.jpg\",\"contentUrl\":\"https:\/\/m-interijer.hr\/site\/wp-content\/uploads\/2018\/02\/logo_final.jpg\",\"width\":864,\"height\":262,\"caption\":\"M interijer\"},\"image\":{\"@id\":\"https:\/\/m-interijer.hr\/site\/#\/schema\/logo\/image\/\"}}]}<\/script>\n<!-- \/ Yoast SEO plugin. -->","yoast_head_json":{"title":"Ante - M-interijer","description":"Materijali - Fronte SVE FRONTE KOJE VIDITE NA WEBU IZRA\u0110UJEMO I DIZAJNIRAMO SAMI ! Kupac ima jako veliki izbor boja i dezena fronti koje mo\u017eemo prilagoditi po sva\u010dijem ukusu tj. neku frontu mo\u017eemo uzraditi po kup\u010devoj \u017eelji.","robots":{"index":"index","follow":"follow","max-snippet":"max-snippet:-1","max-image-preview":"max-image-preview:large","max-video-preview":"max-video-preview:-1"},"canonical":"https:\/\/m-interijer.hr\/site\/campioni\/ante\/?lang=it","og_locale":"it_IT","og_type":"article","og_title":"Ante - M-interijer","og_description":"Materijali - Fronte SVE FRONTE KOJE VIDITE NA WEBU IZRA\u0110UJEMO I DIZAJNIRAMO SAMI ! Kupac ima jako veliki izbor boja i dezena fronti koje mo\u017eemo prilagoditi po sva\u010dijem ukusu tj. neku frontu mo\u017eemo uzraditi po kup\u010devoj \u017eelji.","og_url":"https:\/\/m-interijer.hr\/site\/campioni\/ante\/?lang=it","og_site_name":"M-interijer","article_modified_time":"2018-03-06T21:13:27+00:00","twitter_card":"summary_large_image","twitter_misc":{"Tempo di lettura stimato":"3 minuti"},"schema":{"@context":"https:\/\/schema.org","@graph":[{"@type":"WebPage","@id":"https:\/\/m-interijer.hr\/site\/campioni\/ante\/?lang=it","url":"https:\/\/m-interijer.hr\/site\/campioni\/ante\/?lang=it","name":"Ante - M-interijer","isPartOf":{"@id":"https:\/\/m-interijer.hr\/site\/#website"},"datePublished":"2018-02-28T10:55:07+00:00","dateModified":"2018-03-06T21:13:27+00:00","description":"Materijali - Fronte SVE FRONTE KOJE VIDITE NA WEBU IZRA\u0110UJEMO I DIZAJNIRAMO SAMI ! Kupac ima jako veliki izbor boja i dezena fronti koje mo\u017eemo prilagoditi po sva\u010dijem ukusu tj. neku frontu mo\u017eemo uzraditi po kup\u010devoj \u017eelji.","breadcrumb":{"@id":"https:\/\/m-interijer.hr\/site\/campioni\/ante\/?lang=it#breadcrumb"},"inLanguage":"it-IT","potentialAction":[{"@type":"ReadAction","target":["https:\/\/m-interijer.hr\/site\/campioni\/ante\/?lang=it"]}]},{"@type":"BreadcrumbList","@id":"https:\/\/m-interijer.hr\/site\/campioni\/ante\/?lang=it#breadcrumb","itemListElement":[{"@type":"ListItem","position":1,"name":"Po\u010detna stranica","item":"https:\/\/m-interijer.hr\/site\/?lang=it"},{"@type":"ListItem","position":2,"name":"Campioni","item":"https:\/\/m-interijer.hr\/site\/campioni\/?lang=it"},{"@type":"ListItem","position":3,"name":"Ante"}]},{"@type":"WebSite","@id":"https:\/\/m-interijer.hr\/site\/#website","url":"https:\/\/m-interijer.hr\/site\/","name":"M-interijer","description":"Namje\u0161taj po mjeri","publisher":{"@id":"https:\/\/m-interijer.hr\/site\/#organization"},"inLanguage":"it-IT"},{"@type":"Organization","@id":"https:\/\/m-interijer.hr\/site\/#organization","name":"M interijer","url":"https:\/\/m-interijer.hr\/site\/","logo":{"@type":"ImageObject","inLanguage":"it-IT","@id":"https:\/\/m-interijer.hr\/site\/#\/schema\/logo\/image\/","url":"https:\/\/m-interijer.hr\/site\/wp-content\/uploads\/2018\/02\/logo_final.jpg","contentUrl":"https:\/\/m-interijer.hr\/site\/wp-content\/uploads\/2018\/02\/logo_final.jpg","width":864,"height":262,"caption":"M interijer"},"image":{"@id":"https:\/\/m-interijer.hr\/site\/#\/schema\/logo\/image\/"}}]}},"_links":{"self":[{"href":"https:\/\/m-interijer.hr\/site\/wp-json\/wp\/v2\/pages\/1824\/?lang=it"}],"collection":[{"href":"https:\/\/m-interijer.hr\/site\/wp-json\/wp\/v2\/pages\/?lang=it"}],"about":[{"href":"https:\/\/m-interijer.hr\/site\/wp-json\/wp\/v2\/types\/page\/?lang=it"}],"author":[{"embeddable":true,"href":"https:\/\/m-interijer.hr\/site\/wp-json\/wp\/v2\/users\/1\/?lang=it"}],"replies":[{"embeddable":true,"href":"https:\/\/m-interijer.hr\/site\/wp-json\/wp\/v2\/comments\/?lang=it&post=1824"}],"version-history":[{"count":4,"href":"https:\/\/m-interijer.hr\/site\/wp-json\/wp\/v2\/pages\/1824\/revisions\/?lang=it"}],"predecessor-version":[{"id":2054,"href":"https:\/\/m-interijer.hr\/site\/wp-json\/wp\/v2\/pages\/1824\/revisions\/2054\/?lang=it"}],"up":[{"embeddable":true,"href":"https:\/\/m-interijer.hr\/site\/wp-json\/wp\/v2\/pages\/1818\/?lang=it"}],"wp:attachment":[{"href":"https:\/\/m-interijer.hr\/site\/wp-json\/wp\/v2\/media\/?lang=it&parent=1824"}],"curies":[{"name":"wp","href":"https:\/\/api.w.org\/{rel}","templated":true}]}}