{"id":1822,"date":"2018-02-28T10:55:07","date_gmt":"2018-02-28T10:55:07","guid":{"rendered":"http:\/\/m-interijer.hr\/site\/?page_id=1822"},"modified":"2018-03-06T21:07:55","modified_gmt":"2018-03-06T21:07:55","slug":"fronten","status":"publish","type":"page","link":"https:\/\/m-interijer.hr\/site\/materialmuster\/fronten\/?lang=de","title":{"rendered":"Fronten"},"content":{"rendered":"<p>[et_pb_section bb_built=&#8220;1&#8243; background_color=&#8220;#ffffff&#8220; _builder_version=&#8220;3.0.105&#8243;][et_pb_row _builder_version=&#8220;3.0.47&#8243; background_size=&#8220;initial&#8220; background_position=&#8220;top_left&#8220; background_repeat=&#8220;repeat&#8220;][et_pb_column type=&#8220;4_4&#8243;][et_pb_blurb title=&#8220;Fronten&#8220; background_layout=&#8220;light&#8220; _builder_version=&#8220;3.0.105&#8243; header_level=&#8220;h3&#8243; header_font=&#8220;|700|||||||&#8220; use_icon=&#8220;off&#8220; url_new_window=&#8220;off&#8220; use_circle=&#8220;off&#8220; use_circle_border=&#8220;off&#8220; icon_placement=&#8220;top&#8220; use_icon_font_size=&#8220;off&#8220; content_max_width=&#8220;800px&#8220;]<\/p>\n<p>ALLE FRONTEN,\u00a0DIE SIE AUF UNSERER WEB-SEITE \u00a0SEHEN, PRODUZIEREN \u00a0UND \u00a0DESIGNIEREN \u00a0WIR ALLEINE!<\/p>\n<p>Der K\u00e4ufer hat eine gro\u00dfe Auswahl an Farben und Muster der Fronten, die wir jedem Geschmack anpassen \u00a0und nach Vorstellungen des K\u00e4ufers noch zus\u00e4tzlich umarbeiten k\u00f6nnen. Den Korpus fertigen wir selbst an nach Ma\u00df und zwar verschiedener Breiten, Tiefen, H\u00f6hen&#8230; Die Fronten haben wir in folgende Gruppen eingeteilt:<\/p>\n<p>IVERAL:<\/p>\n<p>Fronten aus IVERAL k\u00f6nnen mit ABS-Kanten 0,5 oder\u00a0 2 mm versehen \u00a0\u00a0oder mit pigmentiertem PU-Decklack gef\u00e4rbt sein. \u00a0Es stehen Ihnen um die 150 Frontenmuster aus Iveral \u00a0mit ABS-Kanten und mit Ihrem gew\u00fcnschten Dekor zur Verf\u00fcgung und zwar von den renomierten \u00f6sterreichischen Herstellern\u00a0 ( Egger \/ Kaindl ).<\/p>\n<p>MDF-PLATTEN:<\/p>\n<p>Fronten aus MDF-Platten k\u00f6nnen geschlitzt sein, mit Farbe, Lack (Hochglanz\/matt\/ Struktureffekt). MDF-Platten werden heutzutage in der K\u00fcchenproduktion am meisten verwendet. Wir bieten Ihnen eine Auswahl von 3000 FARBEN mit 2 Glanzarten. Sie k\u00f6nnen \u00a0auch die gew\u00fcnschte Farbe auf einem Gegenstand mitbringen und wir werden sie dann scannen um Ihre K\u00fcche so zu f\u00e4rben und die Fronten werden wir Ihren Vorstellungen entsprechend herstellen (Form\/Struktur).<\/p>\n<p>Etwas Neues in unserem Angebot ist die beschichtete MDF-Platte die wie ein Massiv (mit Schlitzen)\u00a0 aussieht oder MDF-Fronten mit Hochglanz lackiert in einer der 3000 Farben.<\/p>\n<p>MASSIVHOLZ:<\/p>\n<p>Ist das unersetzbare Material bei der Herstellung von klassischen K\u00fcchen. M- INTERIJER bevorzugt \u00a0in der Produktion eher die h\u00e4rteren Holzarten wie Esche, Eiche, Nuss&#8230; \u00a0Das Frontenmassiv haben wir in 2 Grundklassen eingeteilt: das Massiv mit Sperrholz und das Massiv mit Schlitzen. Ihren W\u00fcnschen gem\u00e4\u00df tragen wir auf die Fronten noch einen Beschichtung, Lack (Farbe) und nat\u00fcrlich 4 Schichten PU oder ACRYL-Lack auf. Als besonderes Angebot m\u00f6chten wir unsere Fronten mit Farbbeschichtungen der Firmen SAYERLACK\u00a0 und \u00a0RENNER\u00a0 hervorheben. Die Farbe f\u00fcr das Frontenmassiv stellen wir Ihrem W\u00fcnsch entsprechend in einem der 5 Messerprofile her.<\/p>\n<p>FURNIER-SPANPLATTEN:<\/p>\n<p>Die Fronten stellen wir aus Furnier-Spanplatten in Eiche, Kirsche, Buche, Esche&#8230; und anderen egotischen Holzarten her, wobei wir sie nach Ihren W\u00fcnschen noch in die gew\u00fcnschte Nuance f\u00e4rben und lackieren. \u00a0\u00a0Die Fronten umranden wir mit Massivleisten (au\u00dfen herum und auf der Fl\u00e4che), mit oder ohne Poren, mit Hochglanz-Lack&#8230;<\/p>\n<p>PANEEL- PLATTEN:<\/p>\n<p>Die Fronten stellen wir aus Paneel-Platten in Eiche, Kirsche, Buche, Esche&#8230; her, wobei wir sie nach Ihren W\u00fcnschen noch in die gew\u00fcnschte Nuance f\u00e4rben und lackieren. Die Fronten umranden wir mit Massivleisten (au\u00dfen herum und auf der Fl\u00e4che).<\/p>\n<p>Hinweis:<\/p>\n<p>In unserem Salon sind st\u00e4ndig um die 80 Fronten aus MDF-Platten, Massivholz, Furnier-Spanplatten und um die 100 aus Iveral ausgestellt.<\/p>\n<p>[\/et_pb_blurb][et_pb_gallery admin_label=&#8220;Gallery Fronts&#8220; _builder_version=&#8220;3.0.105&#8243; show_title_and_caption=&#8220;off&#8220; show_pagination=&#8220;on&#8220; posts_number=&#8220;28&#8243; gallery_ids=&#8220;2038,2037,2018,2013,2036,2035,2034,2033,2032,2031,2030,2029,2028,2027,2026,2025,2024,2023,2022,2021,2020,2019,2017,2016,2015,2014,2012,2011,2010,2009,2008,2007,2006,2005,2004,2003,2002,2001,2000,1999,1998,1997,1996,1995,1994,1993,1992,1991,1990,1989,1988,1987,1986,1985,1984,1983,1982,1981,1980,1979,1978,1977,1976,1975,1974,1973,1972,1971,1970,1969,1968,1967,1966,1965,1964,1963,1962,1961,1960,1959,1958,1957,1956,1955,1954,1953,1952,1951,1950,1949,1948,1947,1946,1945,1944,1943,1942,1941,1940,1939,1938,1937,1936,1935,1934,1933,1932,1931,1930,1929,1928,1927,1926,1925,1924,1923,1922,1921,1920,1919,1918,1917,1916,1915,1914,1913,1912,1911,1910,1909,1908,1907,1906,1905,1904,1903,1902,1901,1900,1899,1898,1897,1896,1895,1894,1893,1892,1891,1890,1889,1888,1887,1886,1885,1884,1883,1882,1881,1880,1879,1878,1877,1876,1875,1874,1873&#8243; zoom_icon_color=&#8220;#e02b20&#8243; hover_overlay_color=&#8220;rgba(255,255,255,0.9)&#8220; fullwidth=&#8220;off&#8220; orientation=&#8220;landscape&#8220; box_shadow_style_image=&#8220;preset2&#8243; background_layout=&#8220;light&#8220; pagination_font_size_tablet=&#8220;51&#8243; pagination_line_height_tablet=&#8220;2&#8243; saved_tabs=&#8220;all&#8220; global_module=&#8220;2040&#8243; \/][\/et_pb_column][\/et_pb_row][\/et_pb_section]<\/p>\n","protected":false},"excerpt":{"rendered":"<p>[et_pb_section bb_built=&#8220;1&#8243; background_color=&#8220;#ffffff&#8220; _builder_version=&#8220;3.0.105&#8243;][et_pb_row _builder_version=&#8220;3.0.47&#8243; background_size=&#8220;initial&#8220; background_position=&#8220;top_left&#8220; background_repeat=&#8220;repeat&#8220;][et_pb_column type=&#8220;4_4&#8243;][et_pb_blurb title=&#8220;Fronten&#8220; background_layout=&#8220;light&#8220; _builder_version=&#8220;3.0.105&#8243; header_level=&#8220;h3&#8243; header_font=&#8220;|700|||||||&#8220; use_icon=&#8220;off&#8220; url_new_window=&#8220;off&#8220; use_circle=&#8220;off&#8220; use_circle_border=&#8220;off&#8220; icon_placement=&#8220;top&#8220; use_icon_font_size=&#8220;off&#8220; content_max_width=&#8220;800px&#8220;] ALLE FRONTEN,\u00a0DIE SIE AUF UNSERER WEB-SEITE \u00a0SEHEN, PRODUZIEREN \u00a0UND \u00a0DESIGNIEREN \u00a0WIR ALLEINE! Der K\u00e4ufer hat eine gro\u00dfe Auswahl an Farben und Muster der Fronten, die wir jedem Geschmack anpassen \u00a0und nach Vorstellungen des K\u00e4ufers [&hellip;]<\/p>\n","protected":false},"author":1,"featured_media":0,"parent":1816,"menu_order":0,"comment_status":"closed","ping_status":"closed","template":"","meta":{"_et_pb_use_builder":"on","_et_pb_old_content":"","footnotes":""},"class_list":["post-1822","page","type-page","status-publish","hentry"],"yoast_head":"<!-- This site is optimized with the Yoast SEO plugin v24.6 - https:\/\/yoast.com\/wordpress\/plugins\/seo\/ -->\n<title>Fronten - M-interijer<\/title>\n<meta name=\"description\" content=\"Materijali - Fronte SVE FRONTE KOJE VIDITE NA WEBU IZRA\u0110UJEMO I DIZAJNIRAMO SAMI ! Kupac ima jako veliki izbor boja i dezena fronti koje mo\u017eemo prilagoditi po sva\u010dijem ukusu tj. neku frontu mo\u017eemo uzraditi po kup\u010devoj \u017eelji.\" \/>\n<meta name=\"robots\" content=\"index, follow, max-snippet:-1, max-image-preview:large, max-video-preview:-1\" \/>\n<link rel=\"canonical\" href=\"https:\/\/m-interijer.hr\/site\/materialmuster\/fronten\/?lang=de\" \/>\n<meta property=\"og:locale\" content=\"de_DE\" \/>\n<meta property=\"og:type\" content=\"article\" \/>\n<meta property=\"og:title\" content=\"Fronten - M-interijer\" \/>\n<meta property=\"og:description\" content=\"Materijali - Fronte SVE FRONTE KOJE VIDITE NA WEBU IZRA\u0110UJEMO I DIZAJNIRAMO SAMI ! Kupac ima jako veliki izbor boja i dezena fronti koje mo\u017eemo prilagoditi po sva\u010dijem ukusu tj. neku frontu mo\u017eemo uzraditi po kup\u010devoj \u017eelji.\" \/>\n<meta property=\"og:url\" content=\"https:\/\/m-interijer.hr\/site\/materialmuster\/fronten\/?lang=de\" \/>\n<meta property=\"og:site_name\" content=\"M-interijer\" \/>\n<meta property=\"article:modified_time\" content=\"2018-03-06T21:07:55+00:00\" \/>\n<meta name=\"twitter:card\" content=\"summary_large_image\" \/>\n<meta name=\"twitter:label1\" content=\"Gesch\u00e4tzte Lesezeit\" \/>\n\t<meta name=\"twitter:data1\" content=\"3\u00a0Minuten\" \/>\n<script type=\"application\/ld+json\" class=\"yoast-schema-graph\">{\"@context\":\"https:\/\/schema.org\",\"@graph\":[{\"@type\":\"WebPage\",\"@id\":\"https:\/\/m-interijer.hr\/site\/materialmuster\/fronten\/?lang=de\",\"url\":\"https:\/\/m-interijer.hr\/site\/materialmuster\/fronten\/?lang=de\",\"name\":\"Fronten - M-interijer\",\"isPartOf\":{\"@id\":\"https:\/\/m-interijer.hr\/site\/#website\"},\"datePublished\":\"2018-02-28T10:55:07+00:00\",\"dateModified\":\"2018-03-06T21:07:55+00:00\",\"description\":\"Materijali - Fronte SVE FRONTE KOJE VIDITE NA WEBU IZRA\u0110UJEMO I DIZAJNIRAMO SAMI ! Kupac ima jako veliki izbor boja i dezena fronti koje mo\u017eemo prilagoditi po sva\u010dijem ukusu tj. neku frontu mo\u017eemo uzraditi po kup\u010devoj \u017eelji.\",\"breadcrumb\":{\"@id\":\"https:\/\/m-interijer.hr\/site\/materialmuster\/fronten\/?lang=de#breadcrumb\"},\"inLanguage\":\"de\",\"potentialAction\":[{\"@type\":\"ReadAction\",\"target\":[\"https:\/\/m-interijer.hr\/site\/materialmuster\/fronten\/?lang=de\"]}]},{\"@type\":\"BreadcrumbList\",\"@id\":\"https:\/\/m-interijer.hr\/site\/materialmuster\/fronten\/?lang=de#breadcrumb\",\"itemListElement\":[{\"@type\":\"ListItem\",\"position\":1,\"name\":\"Po\u010detna stranica\",\"item\":\"https:\/\/m-interijer.hr\/site\/?lang=de\"},{\"@type\":\"ListItem\",\"position\":2,\"name\":\"Materialmuster\",\"item\":\"https:\/\/m-interijer.hr\/site\/materialmuster\/?lang=de\"},{\"@type\":\"ListItem\",\"position\":3,\"name\":\"Fronten\"}]},{\"@type\":\"WebSite\",\"@id\":\"https:\/\/m-interijer.hr\/site\/#website\",\"url\":\"https:\/\/m-interijer.hr\/site\/\",\"name\":\"M-interijer\",\"description\":\"Namje\u0161taj po mjeri\",\"publisher\":{\"@id\":\"https:\/\/m-interijer.hr\/site\/#organization\"},\"inLanguage\":\"de\"},{\"@type\":\"Organization\",\"@id\":\"https:\/\/m-interijer.hr\/site\/#organization\",\"name\":\"M interijer\",\"url\":\"https:\/\/m-interijer.hr\/site\/\",\"logo\":{\"@type\":\"ImageObject\",\"inLanguage\":\"de\",\"@id\":\"https:\/\/m-interijer.hr\/site\/#\/schema\/logo\/image\/\",\"url\":\"https:\/\/m-interijer.hr\/site\/wp-content\/uploads\/2018\/02\/logo_final.jpg\",\"contentUrl\":\"https:\/\/m-interijer.hr\/site\/wp-content\/uploads\/2018\/02\/logo_final.jpg\",\"width\":864,\"height\":262,\"caption\":\"M interijer\"},\"image\":{\"@id\":\"https:\/\/m-interijer.hr\/site\/#\/schema\/logo\/image\/\"}}]}<\/script>\n<!-- \/ Yoast SEO plugin. -->","yoast_head_json":{"title":"Fronten - M-interijer","description":"Materijali - Fronte SVE FRONTE KOJE VIDITE NA WEBU IZRA\u0110UJEMO I DIZAJNIRAMO SAMI ! Kupac ima jako veliki izbor boja i dezena fronti koje mo\u017eemo prilagoditi po sva\u010dijem ukusu tj. neku frontu mo\u017eemo uzraditi po kup\u010devoj \u017eelji.","robots":{"index":"index","follow":"follow","max-snippet":"max-snippet:-1","max-image-preview":"max-image-preview:large","max-video-preview":"max-video-preview:-1"},"canonical":"https:\/\/m-interijer.hr\/site\/materialmuster\/fronten\/?lang=de","og_locale":"de_DE","og_type":"article","og_title":"Fronten - M-interijer","og_description":"Materijali - Fronte SVE FRONTE KOJE VIDITE NA WEBU IZRA\u0110UJEMO I DIZAJNIRAMO SAMI ! Kupac ima jako veliki izbor boja i dezena fronti koje mo\u017eemo prilagoditi po sva\u010dijem ukusu tj. neku frontu mo\u017eemo uzraditi po kup\u010devoj \u017eelji.","og_url":"https:\/\/m-interijer.hr\/site\/materialmuster\/fronten\/?lang=de","og_site_name":"M-interijer","article_modified_time":"2018-03-06T21:07:55+00:00","twitter_card":"summary_large_image","twitter_misc":{"Gesch\u00e4tzte Lesezeit":"3\u00a0Minuten"},"schema":{"@context":"https:\/\/schema.org","@graph":[{"@type":"WebPage","@id":"https:\/\/m-interijer.hr\/site\/materialmuster\/fronten\/?lang=de","url":"https:\/\/m-interijer.hr\/site\/materialmuster\/fronten\/?lang=de","name":"Fronten - M-interijer","isPartOf":{"@id":"https:\/\/m-interijer.hr\/site\/#website"},"datePublished":"2018-02-28T10:55:07+00:00","dateModified":"2018-03-06T21:07:55+00:00","description":"Materijali - Fronte SVE FRONTE KOJE VIDITE NA WEBU IZRA\u0110UJEMO I DIZAJNIRAMO SAMI ! Kupac ima jako veliki izbor boja i dezena fronti koje mo\u017eemo prilagoditi po sva\u010dijem ukusu tj. neku frontu mo\u017eemo uzraditi po kup\u010devoj \u017eelji.","breadcrumb":{"@id":"https:\/\/m-interijer.hr\/site\/materialmuster\/fronten\/?lang=de#breadcrumb"},"inLanguage":"de","potentialAction":[{"@type":"ReadAction","target":["https:\/\/m-interijer.hr\/site\/materialmuster\/fronten\/?lang=de"]}]},{"@type":"BreadcrumbList","@id":"https:\/\/m-interijer.hr\/site\/materialmuster\/fronten\/?lang=de#breadcrumb","itemListElement":[{"@type":"ListItem","position":1,"name":"Po\u010detna stranica","item":"https:\/\/m-interijer.hr\/site\/?lang=de"},{"@type":"ListItem","position":2,"name":"Materialmuster","item":"https:\/\/m-interijer.hr\/site\/materialmuster\/?lang=de"},{"@type":"ListItem","position":3,"name":"Fronten"}]},{"@type":"WebSite","@id":"https:\/\/m-interijer.hr\/site\/#website","url":"https:\/\/m-interijer.hr\/site\/","name":"M-interijer","description":"Namje\u0161taj po mjeri","publisher":{"@id":"https:\/\/m-interijer.hr\/site\/#organization"},"inLanguage":"de"},{"@type":"Organization","@id":"https:\/\/m-interijer.hr\/site\/#organization","name":"M interijer","url":"https:\/\/m-interijer.hr\/site\/","logo":{"@type":"ImageObject","inLanguage":"de","@id":"https:\/\/m-interijer.hr\/site\/#\/schema\/logo\/image\/","url":"https:\/\/m-interijer.hr\/site\/wp-content\/uploads\/2018\/02\/logo_final.jpg","contentUrl":"https:\/\/m-interijer.hr\/site\/wp-content\/uploads\/2018\/02\/logo_final.jpg","width":864,"height":262,"caption":"M interijer"},"image":{"@id":"https:\/\/m-interijer.hr\/site\/#\/schema\/logo\/image\/"}}]}},"_links":{"self":[{"href":"https:\/\/m-interijer.hr\/site\/wp-json\/wp\/v2\/pages\/1822\/?lang=de"}],"collection":[{"href":"https:\/\/m-interijer.hr\/site\/wp-json\/wp\/v2\/pages\/?lang=de"}],"about":[{"href":"https:\/\/m-interijer.hr\/site\/wp-json\/wp\/v2\/types\/page\/?lang=de"}],"author":[{"embeddable":true,"href":"https:\/\/m-interijer.hr\/site\/wp-json\/wp\/v2\/users\/1\/?lang=de"}],"replies":[{"embeddable":true,"href":"https:\/\/m-interijer.hr\/site\/wp-json\/wp\/v2\/comments\/?lang=de&post=1822"}],"version-history":[{"count":3,"href":"https:\/\/m-interijer.hr\/site\/wp-json\/wp\/v2\/pages\/1822\/revisions\/?lang=de"}],"predecessor-version":[{"id":2051,"href":"https:\/\/m-interijer.hr\/site\/wp-json\/wp\/v2\/pages\/1822\/revisions\/2051\/?lang=de"}],"up":[{"embeddable":true,"href":"https:\/\/m-interijer.hr\/site\/wp-json\/wp\/v2\/pages\/1816\/?lang=de"}],"wp:attachment":[{"href":"https:\/\/m-interijer.hr\/site\/wp-json\/wp\/v2\/media\/?lang=de&parent=1822"}],"curies":[{"name":"wp","href":"https:\/\/api.w.org\/{rel}","templated":true}]}}