{"id":1474,"date":"2018-03-01T22:54:35","date_gmt":"2018-03-01T22:54:35","guid":{"rendered":"http:\/\/m-interijer.hr\/site\/?page_id=1474"},"modified":"2022-06-21T13:30:17","modified_gmt":"2022-06-21T13:30:17","slug":"povijest","status":"publish","type":"page","link":"https:\/\/m-interijer.hr\/site\/o-nama\/povijest\/","title":{"rendered":"Povijest"},"content":{"rendered":"<p>[et_pb_section bb_built=&#8221;1&#8243; background_color=&#8221;#ffffff&#8221; _builder_version=&#8221;3.0.105&#8243;][et_pb_row _builder_version=&#8221;3.0.105&#8243;][et_pb_column type=&#8221;4_4&#8243;][et_pb_blurb title=&#8221;Povijest&#8221; background_layout=&#8221;light&#8221; _builder_version=&#8221;3.0.106&#8243; header_level=&#8221;h3&#8243; header_font=&#8221;|700|||||||&#8221; use_icon=&#8221;off&#8221; url_new_window=&#8221;off&#8221; use_circle=&#8221;off&#8221; use_circle_border=&#8221;off&#8221; icon_placement=&#8221;top&#8221; use_icon_font_size=&#8221;off&#8221; image=&#8221;http:\/\/m-interijer.hr\/site\/wp-content\/uploads\/2018\/03\/radiona.jpg&#8221; content_max_width=&#8221;800px&#8221;]<\/p>\n<p><strong>1994.<\/strong>\u00a0&#8211; po\u010dinjemo s radom i otvaranjem obrta u vlastitoj gara\u017ei u 35 m2 na jednom maloj SCM-ovoj kombinirci sa jednim djelatnikom<\/p>\n<p><strong>1996<\/strong>. &#8211; preseljenje u ve\u0107i prostor u Strani\u0107ima\u00a0( u najmu ) i kupnja tri nova stroja, zapo\u0161ljavanje jo\u0161 jednog djelatnika<\/p>\n<p><strong>2000.<\/strong>\u00a0&#8211; izgradnja nove radione ( 300 m2 ) na lokaciji Nova Vas. Kupnja velikog cikrulara i jo\u0161 dvije ma\u0161ine. Zapo\u0161ljavanje jo\u0161 2 djelatnika<\/p>\n<p><strong>2004.<\/strong>\u00a0&#8211; pro\u0161irenje proizvodnje zbog pove\u0107anja obima poslovanja, naro\u010dito\u00a0s kerrock-om<\/p>\n<p><strong>2005.<\/strong>\u00a0&#8211; radimo na razvoju vlastitog dizajna u proizvodnji kuhinja i ostalog namje\u0161taja. Razvoj\u00a0nove tehnike lakiranja\u00a0<strong>visokog sjaja<\/strong>\u00a0na medijapanu.<\/p>\n<p><strong>2006. &#8211;<\/strong>\u00a0uvodimo program &#8221; STAN M<strong>\u00a0<\/strong>&#8220;, to zna\u010di da izra\u0111ujemo namje\u0161taj za cijeli stan sve po Va\u0161oj \u017eelji ( kuhinju, kupaonicu, dnevni boravak, predsoblja, ormare&#8230;) koji se naravno prije izradi u 3D nacrtu sa svim bojama i teksturama tako da si prakti\u010dki mo\u017eete predo\u010diti kako \u0107e Vam stan izgledati prije samog po\u010detka proizvodnje.<br \/>\n&#8211; uvodimo u ponudu izradu i monta\u017eu RAUMPLUS alu \u0161iber vrata sa raznoraznim uklada : od ogledala, stakla, metakrilata i naravno pune uklade od iverala od cca. 30-tak raznih dekora. vidi pod ostali namje\u0161taj \/ slike ) ili\u00a0<a href=\"http:\/\/www.raumplus.de\/\">www.raumplus.de<\/a>\u00a0&#8211; 3 razli\u010dita modela \u0161iber vrata mo\u017eete vidjeti u na\u0161em izlo\u017ebenom prostoru&#8230;<\/p>\n<p><strong>2006.\u00a0<\/strong>&#8211; \u00a0dobivanje\u00a0certifikata HRN EN ISO 9001:2002<\/p>\n<p><strong>2007. &#8211;\u00a0<\/strong>\u00a0ure\u0111ujemo izlo\u017ebeni prostor u kojem sada imamo 4 stalno izlo\u017eene kuhinje sa aparatima i to : masiv s patinom i kerrock plo\u010dom, medijapan glatka s kerrock plo\u010dom, medijapan u konbinaciji s masivom i jednim kanalom te normalnom plo\u010dom i medijapan vosoki sjaj s alu podebljanjem plo\u010de i zidnom oblogom od stakla.<br \/>\n&#8211; u izlo\u017ebenom prostoru imamo sve fronte koje mo\u017eemo izraditi kao i sve uzorke radnih plo\u010da, iverala, opreme i dr. materijala<br \/>\n&#8211; u na\u0161em izlo\u017ebenom prostoru u Novoj Vasi kod Pore\u010de svim na\u0161im kupcima je na raspolaganju arhitektica \/ dizajnerica koja u posebnom prostoru za prezentacije izra\u0111uje idejne 3D nacrte &#8211; 3D DESIGN STUDIO M<br \/>\n&#8211; u\u00a0standardnoj opremi ( bez nadoplate )\u00a0imamo : sve ladice ( Nova pro delux, aluminijske s amortizerima i punom izvlakom ) i amortizeri na svim frontema, ugradbene kante za sme\u0107e, umetke za be\u0161tek skrojene po mjeri, podloge za vodu u sudoperima, za\u0161tite maske na coklu&#8230;.<\/p>\n<p><strong>2008.<\/strong>\u00a0&#8211; u ponudi je prodaja i ugradnja ugradbenih elektri\u010dnih aparata ( SIEMENS, WHIRPOOL, TEKA, FABER, LIEBHERR, FRENKE )<br \/>\n&#8211; mogu\u0107nost lakiranja stakla ( na zid umjesto keramike )<br \/>\n&#8211; u ponudi senzotronic ladice na struju ( ladice se otvaraju i zatvaraju na dodir )<br \/>\n&#8211; NOVA IZLO\u017dBENA KUHINJA u salonu :fronte visoki sjaj, plo\u010da kerrock bijeli polirani, staklo na zidu farbano, ladice na struju, 4 vrste novih podiznih \u0161kara \/ Blum AVENTOS, \u017ei\u010dana izvla\u010dna kutna polica, nagibna kanta za sme\u0107e, ufrezano kuhalo u kerrock plo\u010di, kockasti sudoper izra\u0111en po mjeri, bez ru\u010dkica, rasvijeta.<br \/>\n&#8211; zapo\u0161ljavamo dizajnericu namje\u0161taja, koje se bavi izradom ponuda i 3D nacrta<\/p>\n<p><strong>2009. &#8211; 15 GODINA postojanja i rada M INTERIJER-a<\/strong><\/p>\n<p><strong>2010.<\/strong>\u00a0&#8211; izvoz, Portoro\u017e, Slovenija &#8211; prvi izvoz namje\u0161taja van granica republike Hrvatske, opremanje cijelog stana u Portoro\u017eu<\/p>\n<p><strong>2011.<\/strong>\u00a0&#8211; izvoz, Be\u010d, Austrija &#8211; izrada velike biblioteke od medijapana, sve lakirano u dvije boje<br \/>\n&#8211; izvoz, Ulm, Njema\u010dka &#8211; opremenje dva dvoeta\u017ena stana ( 4,6 t namje\u0161taja )\u00a0izrada i monta\u017ea kompletnog namje\u0161taj, sve visoki sjaj,\u00a0 \u00a0 \u00a0 \u00a0 \u0161iber vrata, kupaonice, spava\u0107e sobe, kuhinje &#8230;<br \/>\n&#8211; izvoz, Izola, Slovenija &#8211; izrada i monta\u017ea kuhinje iveral \/ kerrock radna plo\u010da<br \/>\n&#8211; u ponudi Corian i GetaCore, kompozitni materijali za izradu kuh. radnih plo\u010da i drugih radnih ploha<br \/>\n&#8211; izvoz, Be\u010d, Austrija\u00a0<strong>&#8211;<\/strong>\u00a0izrada spava\u0107e sobe iveral \/ medijapana \/ \u0161iber vrata<\/p>\n<p><strong>2012<\/strong>.\u00a0&#8211; izvoz, Portoro\u017e, Slovenija &#8211;<strong>\u00a0<\/strong>izrada i monta\u017ea dje\u010dje sobe, krevet na kat, pisa\u0107i &#8230;<\/p>\n<p><strong>2013.<\/strong>\u00a0&#8211; uvodimo\u00a0<strong>5 godi\u0161nje jamstvo\u00a0<\/strong>na sve na\u0161e proizvode<br \/>\n&#8211; izgradnja I. kata ( eta\u017ee ) iznad proizvodnje (\u00a0222 m2 ), salon i uredi<br \/>\n&#8211; uvodimo u ponudu lak po kojem se mo\u017ee s kredom pisati, u svim bojama<\/p>\n<p><strong>2014. &#8211;\u00a020 GODINA postojanja i rada M INTERIJER-a<br \/>\n<\/strong>&#8211; preseljenje ureda i izlo\u017ebenog salona na I. kat, ( za sada : 5 kuhinja, 1 kupaonica, 3 ureda, mnogo uzoraka repromaterijala )<br \/>\n&#8211; izra\u0111ujemo dje\u010dje vrti\u0107e po cijeloj Hrvatskoj<br \/>\n&#8211;\u00a0izvoz Locarno CH, izrada ginekolo\u0161ke ordinacije<\/p>\n<p><strong>2015.<\/strong>\u00a0&#8211; uvodimo dio asortimana repromaterijala renomirane Njema\u010dke firme H\u00e4fele GmbH<br \/>\n&#8211; izvoz Ulm DE, izrada namje\u0161taja za 5 kupaca<\/p>\n<p><strong>2016<\/strong>. &#8211; kupujemo dva nova stroja za potrebe proizvodnje, rubnu kantirku i digitalni raskraja\u010d firme SCM<br \/>\n&#8211; izrada 15-tak dje\u010djih vrti\u0107a<\/p>\n<p><strong>2017.<\/strong> &#8211; izvoz Baden &#8211; Baden DE, cijeli stan<br \/>\n&#8211; izvoz Francuska ( bez monta\u017ee ) namje\u0161taj<br \/>\n&#8211; izrada 10-tak dje\u010djih vrti\u0107a po cijeloj HR<\/p>\n<p><strong>2018<\/strong>. &#8211; uvodimo novi program boja i lakova renomirane tvrtke SAYERLACK ( s kojim smo jako zadovoljni )<br \/>\n&#8211; nadogra\u0111ujujemo stari ISO sustav sa novim ISO 9001 \/ 2015<br \/>\n&#8211; izla\u017eemo na me\u0111unarodnom sajmu obrtni\u0161tva u Munchenu IHM 2018, dizajnerski i tehni\u010dki vrlo zanimljivu kuhinju<br \/>\n&#8211; izvoz Munchen DE izrada i monta\u017ea cijelog stana<br \/>\n&#8211; izvoz Frankfurt DE, izrada cijelog stana<\/p>\n<p><strong>2019.<\/strong> &#8211; 03.2019. kupujemo 4 osni <strong>CNC Nestig<\/strong> od firme SCM<br \/>\n&#8211; brutalno pove\u0107avamo preciznost, brzinu i kvalitetu<br \/>\n&#8211; kupujemo novu brusilici i tiplericu ( SCM )<br \/>\n&#8211; izrada velikog broja vrti\u0107kog namje\u0161taja, po cijeloj RH<\/p>\n<p><strong>2020.<\/strong> &#8211; izrada namje\u0161taja za cijelu ku\u0107u u Munchenu<br \/>\n&#8211; izrada namje\u0161taja za stan u Ulm-u (Njema\u010dka)<br \/>\n&#8211; izrada kerrock-a za objekt u Puli<br \/>\n&#8211; izrada dosta namje\u0161taja za dje\u010dje vrti\u0107e ( RH )<\/p>\n<p><strong>2021.<\/strong> &#8211; izrada kompletnog namje\u0161taja za vi\u0161e ku\u0107a ( Rijeka, Pula, Rovinj, Pore\u010d, &#8230; )<br \/>\n&#8211; izrada namje\u0161taja za dje\u0107je vrti\u0107e ( RH )<br \/>\n&#8211; izrada dnevnog namje\u0161taja za stan u Munchenu<br \/>\n&#8211; izrada kerrock-a za medicinsku \u0161kolu u Puli<\/p>\n<p><strong>2022.<\/strong> &#8211; opet vrlo intezivno kre\u0107emo sa izvozom prema Njema\u010dkoj ( Munchen )<br \/>\n&#8211; izrada i monta\u017ea 3 stana u Munchenu<br \/>\n&#8211; dogovor oko cijele zgrade :-), &#8230; ( Munchen )<\/p>\n<p>[\/et_pb_blurb][\/et_pb_column][\/et_pb_row][\/et_pb_section]<\/p>\n","protected":false},"excerpt":{"rendered":"<p>[et_pb_section bb_built=&#8221;1&#8243; background_color=&#8221;#ffffff&#8221; _builder_version=&#8221;3.0.105&#8243;][et_pb_row _builder_version=&#8221;3.0.105&#8243;][et_pb_column type=&#8221;4_4&#8243;][et_pb_blurb title=&#8221;Povijest&#8221; background_layout=&#8221;light&#8221; _builder_version=&#8221;3.0.106&#8243; header_level=&#8221;h3&#8243; header_font=&#8221;|700|||||||&#8221; use_icon=&#8221;off&#8221; url_new_window=&#8221;off&#8221; use_circle=&#8221;off&#8221; use_circle_border=&#8221;off&#8221; icon_placement=&#8221;top&#8221; use_icon_font_size=&#8221;off&#8221; image=&#8221;http:\/\/m-interijer.hr\/site\/wp-content\/uploads\/2018\/03\/radiona.jpg&#8221; content_max_width=&#8221;800px&#8221;] 1994.\u00a0&#8211; po\u010dinjemo s radom i otvaranjem obrta u vlastitoj gara\u017ei u 35 m2 na jednom maloj SCM-ovoj kombinirci sa jednim djelatnikom 1996. &#8211; preseljenje u ve\u0107i prostor u Strani\u0107ima\u00a0( u najmu ) i kupnja tri nova [&hellip;]<\/p>\n","protected":false},"author":1,"featured_media":0,"parent":135,"menu_order":0,"comment_status":"closed","ping_status":"closed","template":"","meta":{"_et_pb_use_builder":"on","_et_pb_old_content":"","footnotes":""},"class_list":["post-1474","page","type-page","status-publish","hentry"],"yoast_head":"<!-- This site is optimized with the Yoast SEO plugin v24.6 - https:\/\/yoast.com\/wordpress\/plugins\/seo\/ -->\n<title>Povijest - M-interijer<\/title>\n<meta name=\"robots\" content=\"index, follow, max-snippet:-1, max-image-preview:large, max-video-preview:-1\" \/>\n<link rel=\"canonical\" href=\"https:\/\/m-interijer.hr\/site\/o-nama\/povijest\/\" \/>\n<meta property=\"og:locale\" content=\"hr_HR\" \/>\n<meta property=\"og:type\" content=\"article\" \/>\n<meta property=\"og:title\" content=\"Povijest - M-interijer\" \/>\n<meta property=\"og:description\" content=\"[et_pb_section bb_built=&#8221;1&#8243; background_color=&#8221;#ffffff&#8221; _builder_version=&#8221;3.0.105&#8243;][et_pb_row _builder_version=&#8221;3.0.105&#8243;][et_pb_column type=&#8221;4_4&#8243;][et_pb_blurb title=&#8221;Povijest&#8221; background_layout=&#8221;light&#8221; _builder_version=&#8221;3.0.106&#8243; header_level=&#8221;h3&#8243; header_font=&#8221;|700|||||||&#8221; use_icon=&#8221;off&#8221; url_new_window=&#8221;off&#8221; use_circle=&#8221;off&#8221; use_circle_border=&#8221;off&#8221; icon_placement=&#8221;top&#8221; use_icon_font_size=&#8221;off&#8221; image=&#8221;http:\/\/m-interijer.hr\/site\/wp-content\/uploads\/2018\/03\/radiona.jpg&#8221; content_max_width=&#8221;800px&#8221;] 1994.\u00a0&#8211; po\u010dinjemo s radom i otvaranjem obrta u vlastitoj gara\u017ei u 35 m2 na jednom maloj SCM-ovoj kombinirci sa jednim djelatnikom 1996. &#8211; preseljenje u ve\u0107i prostor u Strani\u0107ima\u00a0( u najmu ) i kupnja tri nova [&hellip;]\" \/>\n<meta property=\"og:url\" content=\"https:\/\/m-interijer.hr\/site\/o-nama\/povijest\/\" \/>\n<meta property=\"og:site_name\" content=\"M-interijer\" \/>\n<meta property=\"article:modified_time\" content=\"2022-06-21T13:30:17+00:00\" \/>\n<meta name=\"twitter:card\" content=\"summary_large_image\" \/>\n<meta name=\"twitter:label1\" content=\"Est. reading time\" \/>\n\t<meta name=\"twitter:data1\" content=\"5 minutes\" \/>\n<script type=\"application\/ld+json\" class=\"yoast-schema-graph\">{\"@context\":\"https:\/\/schema.org\",\"@graph\":[{\"@type\":\"WebPage\",\"@id\":\"https:\/\/m-interijer.hr\/site\/o-nama\/povijest\/\",\"url\":\"https:\/\/m-interijer.hr\/site\/o-nama\/povijest\/\",\"name\":\"Povijest - M-interijer\",\"isPartOf\":{\"@id\":\"https:\/\/m-interijer.hr\/site\/#website\"},\"datePublished\":\"2018-03-01T22:54:35+00:00\",\"dateModified\":\"2022-06-21T13:30:17+00:00\",\"breadcrumb\":{\"@id\":\"https:\/\/m-interijer.hr\/site\/o-nama\/povijest\/#breadcrumb\"},\"inLanguage\":\"hr-HR\",\"potentialAction\":[{\"@type\":\"ReadAction\",\"target\":[\"https:\/\/m-interijer.hr\/site\/o-nama\/povijest\/\"]}]},{\"@type\":\"BreadcrumbList\",\"@id\":\"https:\/\/m-interijer.hr\/site\/o-nama\/povijest\/#breadcrumb\",\"itemListElement\":[{\"@type\":\"ListItem\",\"position\":1,\"name\":\"Po\u010detna stranica\",\"item\":\"https:\/\/m-interijer.hr\/site\/\"},{\"@type\":\"ListItem\",\"position\":2,\"name\":\"O nama\",\"item\":\"https:\/\/m-interijer.hr\/site\/o-nama\/\"},{\"@type\":\"ListItem\",\"position\":3,\"name\":\"Povijest\"}]},{\"@type\":\"WebSite\",\"@id\":\"https:\/\/m-interijer.hr\/site\/#website\",\"url\":\"https:\/\/m-interijer.hr\/site\/\",\"name\":\"M-interijer\",\"description\":\"Namje\u0161taj po mjeri\",\"publisher\":{\"@id\":\"https:\/\/m-interijer.hr\/site\/#organization\"},\"inLanguage\":\"hr-HR\"},{\"@type\":\"Organization\",\"@id\":\"https:\/\/m-interijer.hr\/site\/#organization\",\"name\":\"M interijer\",\"url\":\"https:\/\/m-interijer.hr\/site\/\",\"logo\":{\"@type\":\"ImageObject\",\"inLanguage\":\"hr-HR\",\"@id\":\"https:\/\/m-interijer.hr\/site\/#\/schema\/logo\/image\/\",\"url\":\"https:\/\/m-interijer.hr\/site\/wp-content\/uploads\/2018\/02\/logo_final.jpg\",\"contentUrl\":\"https:\/\/m-interijer.hr\/site\/wp-content\/uploads\/2018\/02\/logo_final.jpg\",\"width\":864,\"height\":262,\"caption\":\"M interijer\"},\"image\":{\"@id\":\"https:\/\/m-interijer.hr\/site\/#\/schema\/logo\/image\/\"}}]}<\/script>\n<!-- \/ Yoast SEO plugin. -->","yoast_head_json":{"title":"Povijest - M-interijer","robots":{"index":"index","follow":"follow","max-snippet":"max-snippet:-1","max-image-preview":"max-image-preview:large","max-video-preview":"max-video-preview:-1"},"canonical":"https:\/\/m-interijer.hr\/site\/o-nama\/povijest\/","og_locale":"hr_HR","og_type":"article","og_title":"Povijest - M-interijer","og_description":"[et_pb_section bb_built=&#8221;1&#8243; background_color=&#8221;#ffffff&#8221; _builder_version=&#8221;3.0.105&#8243;][et_pb_row _builder_version=&#8221;3.0.105&#8243;][et_pb_column type=&#8221;4_4&#8243;][et_pb_blurb title=&#8221;Povijest&#8221; background_layout=&#8221;light&#8221; _builder_version=&#8221;3.0.106&#8243; header_level=&#8221;h3&#8243; header_font=&#8221;|700|||||||&#8221; use_icon=&#8221;off&#8221; url_new_window=&#8221;off&#8221; use_circle=&#8221;off&#8221; use_circle_border=&#8221;off&#8221; icon_placement=&#8221;top&#8221; use_icon_font_size=&#8221;off&#8221; image=&#8221;http:\/\/m-interijer.hr\/site\/wp-content\/uploads\/2018\/03\/radiona.jpg&#8221; content_max_width=&#8221;800px&#8221;] 1994.\u00a0&#8211; po\u010dinjemo s radom i otvaranjem obrta u vlastitoj gara\u017ei u 35 m2 na jednom maloj SCM-ovoj kombinirci sa jednim djelatnikom 1996. &#8211; preseljenje u ve\u0107i prostor u Strani\u0107ima\u00a0( u najmu ) i kupnja tri nova [&hellip;]","og_url":"https:\/\/m-interijer.hr\/site\/o-nama\/povijest\/","og_site_name":"M-interijer","article_modified_time":"2022-06-21T13:30:17+00:00","twitter_card":"summary_large_image","twitter_misc":{"Est. reading time":"5 minutes"},"schema":{"@context":"https:\/\/schema.org","@graph":[{"@type":"WebPage","@id":"https:\/\/m-interijer.hr\/site\/o-nama\/povijest\/","url":"https:\/\/m-interijer.hr\/site\/o-nama\/povijest\/","name":"Povijest - M-interijer","isPartOf":{"@id":"https:\/\/m-interijer.hr\/site\/#website"},"datePublished":"2018-03-01T22:54:35+00:00","dateModified":"2022-06-21T13:30:17+00:00","breadcrumb":{"@id":"https:\/\/m-interijer.hr\/site\/o-nama\/povijest\/#breadcrumb"},"inLanguage":"hr-HR","potentialAction":[{"@type":"ReadAction","target":["https:\/\/m-interijer.hr\/site\/o-nama\/povijest\/"]}]},{"@type":"BreadcrumbList","@id":"https:\/\/m-interijer.hr\/site\/o-nama\/povijest\/#breadcrumb","itemListElement":[{"@type":"ListItem","position":1,"name":"Po\u010detna stranica","item":"https:\/\/m-interijer.hr\/site\/"},{"@type":"ListItem","position":2,"name":"O nama","item":"https:\/\/m-interijer.hr\/site\/o-nama\/"},{"@type":"ListItem","position":3,"name":"Povijest"}]},{"@type":"WebSite","@id":"https:\/\/m-interijer.hr\/site\/#website","url":"https:\/\/m-interijer.hr\/site\/","name":"M-interijer","description":"Namje\u0161taj po mjeri","publisher":{"@id":"https:\/\/m-interijer.hr\/site\/#organization"},"inLanguage":"hr-HR"},{"@type":"Organization","@id":"https:\/\/m-interijer.hr\/site\/#organization","name":"M interijer","url":"https:\/\/m-interijer.hr\/site\/","logo":{"@type":"ImageObject","inLanguage":"hr-HR","@id":"https:\/\/m-interijer.hr\/site\/#\/schema\/logo\/image\/","url":"https:\/\/m-interijer.hr\/site\/wp-content\/uploads\/2018\/02\/logo_final.jpg","contentUrl":"https:\/\/m-interijer.hr\/site\/wp-content\/uploads\/2018\/02\/logo_final.jpg","width":864,"height":262,"caption":"M interijer"},"image":{"@id":"https:\/\/m-interijer.hr\/site\/#\/schema\/logo\/image\/"}}]}},"_links":{"self":[{"href":"https:\/\/m-interijer.hr\/site\/wp-json\/wp\/v2\/pages\/1474"}],"collection":[{"href":"https:\/\/m-interijer.hr\/site\/wp-json\/wp\/v2\/pages"}],"about":[{"href":"https:\/\/m-interijer.hr\/site\/wp-json\/wp\/v2\/types\/page"}],"author":[{"embeddable":true,"href":"https:\/\/m-interijer.hr\/site\/wp-json\/wp\/v2\/users\/1"}],"replies":[{"embeddable":true,"href":"https:\/\/m-interijer.hr\/site\/wp-json\/wp\/v2\/comments?post=1474"}],"version-history":[{"count":9,"href":"https:\/\/m-interijer.hr\/site\/wp-json\/wp\/v2\/pages\/1474\/revisions"}],"predecessor-version":[{"id":2571,"href":"https:\/\/m-interijer.hr\/site\/wp-json\/wp\/v2\/pages\/1474\/revisions\/2571"}],"up":[{"embeddable":true,"href":"https:\/\/m-interijer.hr\/site\/wp-json\/wp\/v2\/pages\/135"}],"wp:attachment":[{"href":"https:\/\/m-interijer.hr\/site\/wp-json\/wp\/v2\/media?parent=1474"}],"curies":[{"name":"wp","href":"https:\/\/api.w.org\/{rel}","templated":true}]}}