{"id":135,"date":"2018-02-07T12:31:37","date_gmt":"2018-02-07T12:31:37","guid":{"rendered":"http:\/\/m-interijer.hr\/site\/?page_id=135"},"modified":"2018-03-09T21:44:34","modified_gmt":"2018-03-09T21:44:34","slug":"o-nama","status":"publish","type":"page","link":"https:\/\/m-interijer.hr\/site\/o-nama\/","title":{"rendered":"O nama"},"content":{"rendered":"<p>[et_pb_section bb_built=&#8221;1&#8243; background_color=&#8221;#ffffff&#8221; _builder_version=&#8221;3.0.105&#8243;][et_pb_row _builder_version=&#8221;3.0.105&#8243; module_alignment=&#8221;center&#8221; use_custom_width=&#8221;on&#8221; custom_width_px=&#8221;800px&#8221;][et_pb_column type=&#8221;4_4&#8243;][et_pb_blurb title=&#8221;O nama&#8221; background_layout=&#8221;light&#8221; _builder_version=&#8221;3.0.106&#8243; header_level=&#8221;h3&#8243; header_font=&#8221;|700|||||||&#8221; use_icon=&#8221;off&#8221; url_new_window=&#8221;off&#8221; use_circle=&#8221;off&#8221; use_circle_border=&#8221;off&#8221; icon_placement=&#8221;top&#8221; use_icon_font_size=&#8221;off&#8221; image=&#8221;http:\/\/m-interijer.hr\/site\/wp-content\/uploads\/2018\/02\/O-nama.jpg&#8221; content_max_width_last_edited=&#8221;on|desktop&#8221; content_max_width=&#8221;800px&#8221;]<\/p>\n<p>Vi\u0161egodi\u0161njim iskustvom u serijskoj i namjenskoj proizvodnji namje\u0161taja (najprije u Njema\u010dkoj i kasnije u Istri, u Hrvatskoj), shvatili smo da prosje\u010dni kupac ipak nije samo prosje\u010dni kupac, ve\u0107 netko tko \u017eeli svoj \u017eivotni ambijent oblikovati u svojim shva\u0107anjima i potrebama, netko tko \u017eeli da njegov ambijent, prostor i svijet u kojem \u017eivi i boravi, izgleda druga\u010dije, bolje, modernije, funkcionalnije, i ljep\u0161e nego prosje\u010dno&#8230;<\/p>\n<p>Kroz sve te godine spoznali smo ono najava\u017enije &#8211; moderno vrijeme, vrijeme u kojem \u017eivimo, tra\u017ei individualnost, ne\u0161to druga\u010dije, orginalnije, vlastito, za\u0161to ne i u vlastitom domu, za\u0161to to ne bi bilo mogu\u0107e i za prosje\u010dne ljude, sa prosje\u010dnim primanjima, ali nikako ne i sa prosje\u010dnim shva\u0107anjima, za\u0161to to ne bi ostvarivali i prilikom stvaranja i ure\u0111ivanja vlastitog doma, za\u0161to MI ne bismo mogli u\u017eivati zajedno s takvim kupcima, zajedno s Vama, projektiraju\u0107i i grade\u0107i ne\u0161to novo, druga\u010dije, funkcionalnije, inventivnije, ljep\u0161e.<\/p>\n<p>Zato smo 1994. osnovali vlastiti obrt koja \u0107e dok postoji, uvijek imati istu IDEJU i funkcionirati uvijek na istim na\u010delima: moderno, originalno, kvalitetno &#8211; onako, kako Vi \u017eelite.<\/p>\n<p>U po\u010detku je bilo te\u0161ko, nismo imali uvjete koje danas imamo, nismo mogli ispuniti sve \u017eelje, nismo imali sve potrebno za to, zvali smo se STOLARIJA &#8220;M&#8221; i radili u maloj radionici ( gara\u017ei ) trude\u0107i se napraviti maksimum&#8230;<\/p>\n<p>Danas je to druga\u010dije, danas mo\u017eemo ispuniti svaku \u017eelju, primjeniti najnovije tehnologije i materijale, danas se zovemo M INTERIJER, imamo veliku i modernu radionicu u kojoj mo\u017eemo stvoriti sve \u0161to moderan ambijent i KUPAC zahtijeva.<\/p>\n<p>Danas smo sretni da mo\u017eemo raditi i u\u017eivati rade\u0107i, danas smo sretni \u0161to su nas na\u0161i kupci prepoznali i i sve to na njihovo zadovoljstvo.<\/p>\n<p>Danas smo sretni da im mo\u017eemo re\u0107i: HVALA!<\/p>\n<p>Jam\u010dimo da \u0107e ZADOVOLJSTVO nakon svakog obavljenog posla biti i Va\u0161 osje\u0107aj,<\/p>\n<p>Va\u0161 M INTERIJER&#8230;<\/p>\n<p>[\/et_pb_blurb][et_pb_video _builder_version=&#8221;3.0.105&#8243; src=&#8221;https:\/\/m-interijer.hr\/site\/wp-content\/uploads\/2018\/02\/minterijer.mp4&#8243; src_webm=&#8221;https:\/\/m-interijer.hr\/site\/wp-content\/uploads\/2018\/02\/minterijer.webm&#8221; image_src=&#8221;https:\/\/m-interijer.hr\/site\/wp-content\/uploads\/2018\/02\/Kuhinje-e1519725892950.jpg&#8221; max_width=&#8221;600px&#8221; \/][\/et_pb_column][\/et_pb_row][\/et_pb_section]<\/p>\n","protected":false},"excerpt":{"rendered":"<p>[et_pb_section bb_built=&#8221;1&#8243; background_color=&#8221;#ffffff&#8221; _builder_version=&#8221;3.0.105&#8243;][et_pb_row _builder_version=&#8221;3.0.105&#8243; module_alignment=&#8221;center&#8221; use_custom_width=&#8221;on&#8221; custom_width_px=&#8221;800px&#8221;][et_pb_column type=&#8221;4_4&#8243;][et_pb_blurb title=&#8221;O nama&#8221; background_layout=&#8221;light&#8221; _builder_version=&#8221;3.0.106&#8243; header_level=&#8221;h3&#8243; header_font=&#8221;|700|||||||&#8221; use_icon=&#8221;off&#8221; url_new_window=&#8221;off&#8221; use_circle=&#8221;off&#8221; use_circle_border=&#8221;off&#8221; icon_placement=&#8221;top&#8221; use_icon_font_size=&#8221;off&#8221; image=&#8221;http:\/\/m-interijer.hr\/site\/wp-content\/uploads\/2018\/02\/O-nama.jpg&#8221; content_max_width_last_edited=&#8221;on|desktop&#8221; content_max_width=&#8221;800px&#8221;] Vi\u0161egodi\u0161njim iskustvom u serijskoj i namjenskoj proizvodnji namje\u0161taja (najprije u Njema\u010dkoj i kasnije u Istri, u Hrvatskoj), shvatili smo da prosje\u010dni kupac ipak nije samo prosje\u010dni kupac, ve\u0107 netko tko \u017eeli [&hellip;]<\/p>\n","protected":false},"author":1,"featured_media":0,"parent":0,"menu_order":0,"comment_status":"closed","ping_status":"closed","template":"","meta":{"_et_pb_use_builder":"on","_et_pb_old_content":"","footnotes":""},"class_list":["post-135","page","type-page","status-publish","hentry"],"yoast_head":"<!-- This site is optimized with the Yoast SEO plugin v24.6 - https:\/\/yoast.com\/wordpress\/plugins\/seo\/ -->\n<title>O nama - M-interijer<\/title>\n<meta name=\"robots\" content=\"index, follow, max-snippet:-1, max-image-preview:large, max-video-preview:-1\" \/>\n<link rel=\"canonical\" href=\"https:\/\/m-interijer.hr\/site\/o-nama\/\" \/>\n<meta property=\"og:locale\" content=\"hr_HR\" \/>\n<meta property=\"og:type\" content=\"article\" \/>\n<meta property=\"og:title\" content=\"O nama - M-interijer\" \/>\n<meta property=\"og:description\" content=\"[et_pb_section bb_built=&#8221;1&#8243; background_color=&#8221;#ffffff&#8221; _builder_version=&#8221;3.0.105&#8243;][et_pb_row _builder_version=&#8221;3.0.105&#8243; module_alignment=&#8221;center&#8221; use_custom_width=&#8221;on&#8221; custom_width_px=&#8221;800px&#8221;][et_pb_column type=&#8221;4_4&#8243;][et_pb_blurb title=&#8221;O nama&#8221; background_layout=&#8221;light&#8221; _builder_version=&#8221;3.0.106&#8243; header_level=&#8221;h3&#8243; header_font=&#8221;|700|||||||&#8221; use_icon=&#8221;off&#8221; url_new_window=&#8221;off&#8221; use_circle=&#8221;off&#8221; use_circle_border=&#8221;off&#8221; icon_placement=&#8221;top&#8221; use_icon_font_size=&#8221;off&#8221; image=&#8221;http:\/\/m-interijer.hr\/site\/wp-content\/uploads\/2018\/02\/O-nama.jpg&#8221; content_max_width_last_edited=&#8221;on|desktop&#8221; content_max_width=&#8221;800px&#8221;] Vi\u0161egodi\u0161njim iskustvom u serijskoj i namjenskoj proizvodnji namje\u0161taja (najprije u Njema\u010dkoj i kasnije u Istri, u Hrvatskoj), shvatili smo da prosje\u010dni kupac ipak nije samo prosje\u010dni kupac, ve\u0107 netko tko \u017eeli [&hellip;]\" \/>\n<meta property=\"og:url\" content=\"https:\/\/m-interijer.hr\/site\/o-nama\/\" \/>\n<meta property=\"og:site_name\" content=\"M-interijer\" \/>\n<meta property=\"article:modified_time\" content=\"2018-03-09T21:44:34+00:00\" \/>\n<meta name=\"twitter:card\" content=\"summary_large_image\" \/>\n<meta name=\"twitter:label1\" content=\"Est. reading time\" \/>\n\t<meta name=\"twitter:data1\" content=\"2 minutes\" \/>\n<script type=\"application\/ld+json\" class=\"yoast-schema-graph\">{\"@context\":\"https:\/\/schema.org\",\"@graph\":[{\"@type\":\"WebPage\",\"@id\":\"https:\/\/m-interijer.hr\/site\/o-nama\/\",\"url\":\"https:\/\/m-interijer.hr\/site\/o-nama\/\",\"name\":\"O nama - M-interijer\",\"isPartOf\":{\"@id\":\"https:\/\/m-interijer.hr\/site\/#website\"},\"datePublished\":\"2018-02-07T12:31:37+00:00\",\"dateModified\":\"2018-03-09T21:44:34+00:00\",\"breadcrumb\":{\"@id\":\"https:\/\/m-interijer.hr\/site\/o-nama\/#breadcrumb\"},\"inLanguage\":\"hr-HR\",\"potentialAction\":[{\"@type\":\"ReadAction\",\"target\":[\"https:\/\/m-interijer.hr\/site\/o-nama\/\"]}]},{\"@type\":\"BreadcrumbList\",\"@id\":\"https:\/\/m-interijer.hr\/site\/o-nama\/#breadcrumb\",\"itemListElement\":[{\"@type\":\"ListItem\",\"position\":1,\"name\":\"Po\u010detna stranica\",\"item\":\"https:\/\/m-interijer.hr\/site\/\"},{\"@type\":\"ListItem\",\"position\":2,\"name\":\"O nama\"}]},{\"@type\":\"WebSite\",\"@id\":\"https:\/\/m-interijer.hr\/site\/#website\",\"url\":\"https:\/\/m-interijer.hr\/site\/\",\"name\":\"M-interijer\",\"description\":\"Namje\u0161taj po mjeri\",\"publisher\":{\"@id\":\"https:\/\/m-interijer.hr\/site\/#organization\"},\"inLanguage\":\"hr-HR\"},{\"@type\":\"Organization\",\"@id\":\"https:\/\/m-interijer.hr\/site\/#organization\",\"name\":\"M interijer\",\"url\":\"https:\/\/m-interijer.hr\/site\/\",\"logo\":{\"@type\":\"ImageObject\",\"inLanguage\":\"hr-HR\",\"@id\":\"https:\/\/m-interijer.hr\/site\/#\/schema\/logo\/image\/\",\"url\":\"https:\/\/m-interijer.hr\/site\/wp-content\/uploads\/2018\/02\/logo_final.jpg\",\"contentUrl\":\"https:\/\/m-interijer.hr\/site\/wp-content\/uploads\/2018\/02\/logo_final.jpg\",\"width\":864,\"height\":262,\"caption\":\"M interijer\"},\"image\":{\"@id\":\"https:\/\/m-interijer.hr\/site\/#\/schema\/logo\/image\/\"}}]}<\/script>\n<!-- \/ Yoast SEO plugin. -->","yoast_head_json":{"title":"O nama - M-interijer","robots":{"index":"index","follow":"follow","max-snippet":"max-snippet:-1","max-image-preview":"max-image-preview:large","max-video-preview":"max-video-preview:-1"},"canonical":"https:\/\/m-interijer.hr\/site\/o-nama\/","og_locale":"hr_HR","og_type":"article","og_title":"O nama - M-interijer","og_description":"[et_pb_section bb_built=&#8221;1&#8243; background_color=&#8221;#ffffff&#8221; _builder_version=&#8221;3.0.105&#8243;][et_pb_row _builder_version=&#8221;3.0.105&#8243; module_alignment=&#8221;center&#8221; use_custom_width=&#8221;on&#8221; custom_width_px=&#8221;800px&#8221;][et_pb_column type=&#8221;4_4&#8243;][et_pb_blurb title=&#8221;O nama&#8221; background_layout=&#8221;light&#8221; _builder_version=&#8221;3.0.106&#8243; header_level=&#8221;h3&#8243; header_font=&#8221;|700|||||||&#8221; use_icon=&#8221;off&#8221; url_new_window=&#8221;off&#8221; use_circle=&#8221;off&#8221; use_circle_border=&#8221;off&#8221; icon_placement=&#8221;top&#8221; use_icon_font_size=&#8221;off&#8221; image=&#8221;http:\/\/m-interijer.hr\/site\/wp-content\/uploads\/2018\/02\/O-nama.jpg&#8221; content_max_width_last_edited=&#8221;on|desktop&#8221; content_max_width=&#8221;800px&#8221;] Vi\u0161egodi\u0161njim iskustvom u serijskoj i namjenskoj proizvodnji namje\u0161taja (najprije u Njema\u010dkoj i kasnije u Istri, u Hrvatskoj), shvatili smo da prosje\u010dni kupac ipak nije samo prosje\u010dni kupac, ve\u0107 netko tko \u017eeli [&hellip;]","og_url":"https:\/\/m-interijer.hr\/site\/o-nama\/","og_site_name":"M-interijer","article_modified_time":"2018-03-09T21:44:34+00:00","twitter_card":"summary_large_image","twitter_misc":{"Est. reading time":"2 minutes"},"schema":{"@context":"https:\/\/schema.org","@graph":[{"@type":"WebPage","@id":"https:\/\/m-interijer.hr\/site\/o-nama\/","url":"https:\/\/m-interijer.hr\/site\/o-nama\/","name":"O nama - M-interijer","isPartOf":{"@id":"https:\/\/m-interijer.hr\/site\/#website"},"datePublished":"2018-02-07T12:31:37+00:00","dateModified":"2018-03-09T21:44:34+00:00","breadcrumb":{"@id":"https:\/\/m-interijer.hr\/site\/o-nama\/#breadcrumb"},"inLanguage":"hr-HR","potentialAction":[{"@type":"ReadAction","target":["https:\/\/m-interijer.hr\/site\/o-nama\/"]}]},{"@type":"BreadcrumbList","@id":"https:\/\/m-interijer.hr\/site\/o-nama\/#breadcrumb","itemListElement":[{"@type":"ListItem","position":1,"name":"Po\u010detna stranica","item":"https:\/\/m-interijer.hr\/site\/"},{"@type":"ListItem","position":2,"name":"O nama"}]},{"@type":"WebSite","@id":"https:\/\/m-interijer.hr\/site\/#website","url":"https:\/\/m-interijer.hr\/site\/","name":"M-interijer","description":"Namje\u0161taj po mjeri","publisher":{"@id":"https:\/\/m-interijer.hr\/site\/#organization"},"inLanguage":"hr-HR"},{"@type":"Organization","@id":"https:\/\/m-interijer.hr\/site\/#organization","name":"M interijer","url":"https:\/\/m-interijer.hr\/site\/","logo":{"@type":"ImageObject","inLanguage":"hr-HR","@id":"https:\/\/m-interijer.hr\/site\/#\/schema\/logo\/image\/","url":"https:\/\/m-interijer.hr\/site\/wp-content\/uploads\/2018\/02\/logo_final.jpg","contentUrl":"https:\/\/m-interijer.hr\/site\/wp-content\/uploads\/2018\/02\/logo_final.jpg","width":864,"height":262,"caption":"M interijer"},"image":{"@id":"https:\/\/m-interijer.hr\/site\/#\/schema\/logo\/image\/"}}]}},"_links":{"self":[{"href":"https:\/\/m-interijer.hr\/site\/wp-json\/wp\/v2\/pages\/135"}],"collection":[{"href":"https:\/\/m-interijer.hr\/site\/wp-json\/wp\/v2\/pages"}],"about":[{"href":"https:\/\/m-interijer.hr\/site\/wp-json\/wp\/v2\/types\/page"}],"author":[{"embeddable":true,"href":"https:\/\/m-interijer.hr\/site\/wp-json\/wp\/v2\/users\/1"}],"replies":[{"embeddable":true,"href":"https:\/\/m-interijer.hr\/site\/wp-json\/wp\/v2\/comments?post=135"}],"version-history":[{"count":12,"href":"https:\/\/m-interijer.hr\/site\/wp-json\/wp\/v2\/pages\/135\/revisions"}],"predecessor-version":[{"id":2187,"href":"https:\/\/m-interijer.hr\/site\/wp-json\/wp\/v2\/pages\/135\/revisions\/2187"}],"wp:attachment":[{"href":"https:\/\/m-interijer.hr\/site\/wp-json\/wp\/v2\/media?parent=135"}],"curies":[{"name":"wp","href":"https:\/\/api.w.org\/{rel}","templated":true}]}}